{"id":2,"date":"2024-07-17T14:49:55","date_gmt":"2024-07-17T12:49:55","guid":{"rendered":"http:\/\/alienation-parentale.be\/?page_id=2"},"modified":"2026-04-22T13:38:56","modified_gmt":"2026-04-22T11:38:56","slug":"accueil","status":"publish","type":"page","link":"https:\/\/alienation-parentale.be\/","title":{"rendered":"Qu&rsquo;est ce que l&rsquo;ali\u00e9nation parentale?                     Et comment la d\u00e9finir ?"},"content":{"rendered":"\n<p><\/p>\n\n\n\n<h2 class=\"wp-block-heading\"><mark style=\"background-color:rgba(0, 0, 0, 0);color:#ff7ac3\" class=\"has-inline-color\"><strong>Histoire<\/strong> <strong>de la naissance de l&rsquo;ali\u00e9nation parentale<\/strong><\/mark><\/h2>\n\n\n\n<p>Trop peu connue des professionnels des secteurs psycho m\u00e9dico-social et juridique, l&rsquo;ali\u00e9nation parentale n\u2019en cause pas moins de nombreux d\u00e9g\u00e2ts chez les personnes, adultes et enfants, qui en sont victimes. Pourtant <a href=\"https:\/\/alienation-parentale.be\/?page_id=536\">elle concerne selon nos calculs 572 778 personnes en Belgique<\/a>. Ce site vise \u00e0 simplifier et vulgariser au mieux ce processus pour mieux le rep\u00e9rer. Il vise \u00e9galement \u00e0 mettre en place rapidement les interventions adapt\u00e9es avant le point de non-retour.<\/p>\n\n\n\n<p>Le concept trouve son origine en 1984, \u00e0 l&rsquo;\u00e9poque o\u00f9 le nombre de divorces a augment\u00e9 de mani\u00e8re importante. Entre temps, la science a permis d&rsquo;aller plus loin, entre autres choses gr\u00e2ce au <a data-type=\"link\" data-id=\"https:\/\/www.pasg.info\/\" href=\"https:\/\/www.pasg.info\/\">PASG <\/a>(Parental Alienation Study Group) dont nous sommes membres.<\/p>\n\n\n\n<h2 class=\"wp-block-heading\"><strong><mark style=\"background-color:rgba(0, 0, 0, 0);color:#ff7ac3\" class=\"has-inline-color\">D\u00e9finition<\/mark><\/strong><\/h2>\n\n\n\n<p>La d\u00e9finition de l\u2019ali\u00e9nation parentale propos\u00e9e entre 2010 et 2013 par le <a href=\"https:\/\/www.pasg.info\/\" target=\"_blank\" rel=\"noreferrer noopener\">Parental Alienation Study Group<\/a><a href=\"https:\/\/www.pasg.info\/\"> (PASG) <\/a>aux comit\u00e9s pr\u00e9paratoires du DSM-5 est celle qui fait actuellement \u00e0 peu pr\u00e8s l\u2019unanimit\u00e9 parmi les experts qui adh\u00e8rent au concept. Elle se lit ainsi :<\/p>\n\n\n\n<blockquote class=\"wp-block-quote is-layout-flow wp-block-quote-is-layout-flow\">\n<p><strong>\u00ab\u00a0<em>L\u2019ali\u00e9nation parentale est une condition mentale dont un enfant ou adolescent est touch\u00e9 (souvent dans le contexte de s\u00e9paration parentale \u00e0 haut conflit) et qui est caract\u00e9ris\u00e9e par deux \u00e9l\u00e9ments :<\/em><\/strong><\/p>\n\n\n\n<p><em><strong>1. L\u2019en<\/strong><\/em><strong><em>fant ou l\u2019adolescent s\u2019allie fortement \u00e0 un parent.<br>&nbsp;&nbsp; &nbsp;<br>2. L\u2019enfant ou l\u2019adolescent rejette l\u2019autre parent ind\u00fbment, c\u2019est-\u00e0-dire sans justification suffisante. Cet enfant ou adolescent r\u00e9siste aux contacts avec ce parent, m\u00eame ordonn\u00e9s ou encore, les refuse.<\/em>\u00ab\u00a0<\/strong><\/p>\n<\/blockquote>\n\n\n\n<p>On trouve des r\u00e9f\u00e9rences \u00e0 l\u2019observation selon laquelle&nbsp;<em>il n\u2019y a pas n\u00e9cessairement de lien causal entre les deux \u00e9l\u00e9ments de la d\u00e9finition<\/em>&nbsp;(Bernet, Boch-Galhau, Baker et Morrison, 2010).<br>&nbsp;&nbsp; &nbsp;<br>On remarquera qu\u2019on est loin, ici, des concepts des ann\u00e9es 90.  Dans la d\u00e9finition m\u00eame, on joignait l\u2019effet \u00e0 une cause, utilisant les termes&nbsp;<em>conditionnement et lavage de cerveau<\/em>.<\/p>\n\n\n\n<h2 class=\"wp-block-heading\"><strong><mark style=\"background-color:rgba(0, 0, 0, 0);color:#ff7ac3\" class=\"has-inline-color\">Evolution<\/mark><\/strong><\/h2>\n\n\n\n<p>On utilise trop souvent ce concept dans les Tribunaux sans avoir une base l\u00e9gale. Et pourtant les travaux du <a href=\"https:\/\/www.pasg.info\/\" data-type=\"link\" data-id=\"https:\/\/www.pasg.info\/\">PASG<\/a> ont contribu\u00e9 \u00e0 \u00e9tablir une d\u00e9finition claire, coll\u00e9giale et scientifique de l&rsquo;ali\u00e9nation parentale. <a href=\"https:\/\/www.parentalalienationeducation.com\/speaker\/william-bernet-bio\/\" data-type=\"link\" data-id=\"https:\/\/www.parentalalienationeducation.com\/speaker\/william-bernet-bio\/\" target=\"_blank\" rel=\"noreferrer noopener\">William Bernet<\/a> et <a href=\"https:\/\/www.drlorandos.net\/\" data-type=\"link\" data-id=\"https:\/\/www.drlorandos.net\/\">Demosthenes Lorandos<\/a> ont d\u00e9velopp\u00e9 une <a href=\"https:\/\/alienation-parentale.be\/?page_id=29\">grille d&rsquo;\u00e9valuation<\/a>. Et <a href=\"https:\/\/www.hubertvangijseghem.com\/biographie\/\">Hubert Van Gijseghem<\/a> a d\u00e9velopp\u00e9 un <a href=\"https:\/\/www.ordrepsy.qc.ca\/-\/methodologie-et-rationalite-du-diagnostic-du-trouble-de-l-alienation-parentale\">protocole d&rsquo;analyse clinique <\/a>permettant d&rsquo;investiguer l&rsquo;existence ou non d&rsquo;ali\u00e9nation parentale. Il permet de la sorte de la distinguer de l&rsquo;\u00e9loignement parental th\u00e9rapeutique n\u00e9cessaire, ce qui est fondamental.<\/p>\n\n\n\n<p>L&rsquo;ali\u00e9nation parentale n&rsquo;est pas une maladie ou un syndrome, c&rsquo;est important de le rappeler. C&rsquo;est par contre un comportement induisant des maladies mentales. Parmi eux on y retrouve des troubles graves de la relation parent-enfant. C&rsquo;est la raison pour laquelle le DSM-5 (&nbsp;<em><a href=\"https:\/\/fr.wikipedia.org\/wiki\/Manuel_diagnostique_et_statistique_des_troubles_mentaux\">Manuel diagnostique et statistique des troubles mentaux, et des troubles psychiatriques<\/a><\/em>&nbsp;(en&nbsp;<a href=\"https:\/\/fr.wikipedia.org\/wiki\/Anglais\">anglais<\/a>&nbsp;:&nbsp;<em>Diagnostic and Statistical Manual of Mental Disorders<\/em>) ne la reprend pas. Ce n&rsquo;est en effet pour rappel pas une maladie mais un comportement. Ce trouble de la relation avec le parent est identifi\u00e9 comme tel dans la <a data-type=\"page\" data-id=\"195\" href=\"https:\/\/alienation-parentale.be\/?page_id=195\">CIM-11<\/a> de l&rsquo;<a data-type=\"link\" data-id=\"https:\/\/www.who.int\/fr\" href=\"https:\/\/www.who.int\/fr\">OMS<\/a>. Il <a data-type=\"page\" data-id=\"179\" href=\"https:\/\/alienation-parentale.be\/?page_id=179\">induit par contre des maladies mentales<\/a>.<\/p>\n\n\n\n<p>Il est donc \u00e9vident que nous validons la protection des enfants quand n\u00e9cessaire par un \u00e9loignement parental th\u00e9rapeutique. Nous condamnons donc aussi l&rsquo;abus de l&rsquo;utlisation de l&rsquo;ali\u00e9nation parentale pour fustiger de mani\u00e8re infond\u00e9e un parent. Il faut pour ce faire sans le constat rigoureux d&rsquo;un sp\u00e9cialiste form\u00e9 et exp\u00e9riment\u00e9.<\/p>\n\n\n\n<p>La science \u00e9volue, reste au syst\u00e8me juridique et judiciaire \u00e0 suivre. Ne pas l\u00e9gif\u00e9rer \u00e0 propos de l&rsquo;ali\u00e9nation parentale et de l&rsquo;\u00e9loignement parental, consisterait \u00e0 laisser une zone de non-droit. Ce serait  pr\u00e9judiciable \u00e0 de trop nombreux parents et enfants victimes d&rsquo;ali\u00e9nation parentale !<\/p>\n\n\n\n<h2 class=\"wp-block-heading\"><strong><mark style=\"background-color:rgba(0, 0, 0, 0);color:#ff7ac3\" class=\"has-inline-color\">Degr\u00e9s de gravit\u00e9 et progression<\/mark><\/strong><\/h2>\n\n\n\n<p>Selon Marie-France Hirigoyen , <em>\u00ab\u00a0ce processus d&rsquo;ali\u00e9nation parentale est <a href=\"https:\/\/alienation-parentale.be\/?page_id=123\" data-type=\"page\" data-id=\"123\" target=\"_blank\" rel=\"noreferrer noopener\">progressif<\/a> et prend parfois des ann\u00e9es pour se r\u00e9v\u00e9ler mais par contre quand il est enclench\u00e9, il est la plupart du temps tr\u00e8s rapide : en quelques semaines, l&rsquo;enfant rejette subitement le parent.\u00a0\u00bb<\/em> Ceci est le r\u00e9sultat d&rsquo;un <a href=\"https:\/\/alienation-parentale.be\/?page_id=118\" data-type=\"page\" data-id=\"118\" target=\"_blank\" rel=\"noreferrer noopener\">conflit de loyaut\u00e9<\/a> qui le d\u00e9chirait entre ses deux parents (d&rsquo;o\u00f9 notre logo). Il est donc indispensable de r\u00e9agir extr\u00eamement rapidement (3 mois maximum) lors du constat de risque de l&rsquo;ali\u00e9nation parentale. Vous pouvez \u00e9valuer votre degr\u00e9 de gravit\u00e9 en <a href=\"https:\/\/alienation-parentale.be\/?qsm_quiz=degre-de-gravite-de-lalienation-parentale\" data-type=\"link\" data-id=\"https:\/\/alienation-parentale.be\/?qsm_quiz=degre-de-gravite-de-lalienation-parentale\">cliquant ici<\/a> : <\/p>\n\n\n\n<h2 class=\"wp-block-heading\"><strong><mark style=\"background-color:rgba(0, 0, 0, 0);color:#ff7ac3\" class=\"has-inline-color\">Avis de quelques experts rejoignant celui du PASG <\/mark><\/strong><\/h2>\n\n\n\n<h3 class=\"wp-block-heading\"><strong><mark style=\"background-color:rgba(0, 0, 0, 0);color:#ff7ac3\" class=\"has-inline-color\">Paul Bensussan<\/mark><\/strong><\/h3>\n\n\n\n<p>Selon le docteur <a data-type=\"link\" data-id=\"https:\/\/paulbensussan.fr\/\" href=\"https:\/\/paulbensussan.fr\/\" target=\"_blank\" rel=\"noreferrer noopener\">Paul Bensussan<\/a><sup data-fn=\"76669a5a-a1a9-4c99-acf3-87131b6da812\" class=\"fn\"><a href=\"#76669a5a-a1a9-4c99-acf3-87131b6da812\" id=\"76669a5a-a1a9-4c99-acf3-87131b6da812-link\">1<\/a><\/sup>, \u00e9tymologiquement, \u00ab a\u2013li\u00e9ner \u00bb signifie \u00ab perdre le lien \u00bb ou \u00ab rompre le lien \u00bb.  C\u2019est-\u00e0-dire rendre \u00e9tranger ou hostile (un parent \u00e0 un enfant).<\/p>\n\n\n\n<p>L\u2019ali\u00e9nation parentale est une rupture du lien (\u00ab a \u00bbprivatif &#8211; lien) entre un enfant et un de ses parents. C&rsquo;est un ph\u00e9nom\u00e8ne complexe, souvent li\u00e9 aux s\u00e9parations ou divorces conflictuels. Au cours de ce processus, un parent<a data-type=\"page\" data-id=\"124\" href=\"https:\/\/alienation-parentale.be\/?page_id=124\" target=\"_blank\" rel=\"noreferrer noopener\"> manipule <\/a>consciemment ou pas l&rsquo;enfant pour qu&rsquo;il rejette l&rsquo;autre parent sans raison objective. Ca le m\u00e8ne \u00e0 une opposition irrationnelle et une vision polaris\u00e9e des parents et entra\u00eene avec des comportements sp\u00e9cifiques tels que la critique constante, les r\u00e9cits mensongers, l&rsquo;exclusion, et des accusations graves pour justifier l&rsquo;\u00e9loignement.<\/p>\n\n\n\n<h3 class=\"wp-block-heading\"><strong><mark style=\"background-color:rgba(0, 0, 0, 0);color:#ff7ac3\" class=\"has-inline-color\">William Bernett<\/mark><\/strong><\/h3>\n\n\n\n<p>Voici donc la d\u00e9finition selon <a href=\"https:\/\/www.parentalalienationeducation.com\/speaker\/william-bernet-bio\/\" title=\"William Bernett\">William Bernett<\/a>, p\u00e9dopsychiatre am\u00e9ricain, qui a \u00e9tudi\u00e9 la question du devenir de l&rsquo;enfant dans le cadre de conflits familiaux :<\/p>\n\n\n\n<blockquote class=\"wp-block-quote is-layout-flow wp-block-quote-is-layout-flow\">\n<p><em>\u201cL&rsquo;ali\u00e9nation parentale est un trouble dans lequel un enfant manifeste une forte opposition, des craintes ou des d\u00e9nigrements injustifi\u00e9s envers un parent, qui sont en grande partie dus \u00e0 l&rsquo;influence n\u00e9gative de l&rsquo;autre parent.<\/em>\u00ab\u00a0<\/p>\n<\/blockquote>\n\n\n\n<h3 class=\"wp-block-heading\"><strong><mark style=\"background-color:rgba(0, 0, 0, 0);color:#ff7ac3\" class=\"has-inline-color\">Marie-France Hirigoyen <\/mark><\/strong><\/h3>\n\n\n\n<p>Voici la description du ph\u00e9nom\u00e8ne selon Marie-France Hirigoyen, psychiatre et psychanalyste :&nbsp;<\/p>\n\n\n\n<blockquote class=\"wp-block-quote is-layout-flow wp-block-quote-is-layout-flow\">\n<p><em>\u201cl\u2019ali\u00e9nation parentale r\u00e9sulte d\u2019une <a href=\"https:\/\/alienation-parentale.be\/?page_id=124\" data-type=\"page\" data-id=\"124\" target=\"_blank\" rel=\"noreferrer noopener\">manipulation<\/a> d\u2019un enfant par un parent pour l\u2019\u00e9loigner de l\u2019autre parent.<\/em><\/p>\n\n\n\n<p>\u00ab\u00a0<em>En cas d\u2019ali\u00e9nation parentale s\u00e9v\u00e8re<\/em><em>, de mani\u00e8re irrationnelle et sans aucune raison objective, l\u2019enfant refuse cat\u00e9goriquement tout contact avec l\u2019un de ses parents avec qui autrefois il avait des relations tendres. <\/em><em>&nbsp;Sa vision de ses parents est extr\u00eamement polaris\u00e9e : l\u2019un est totalement bon, l\u2019autre totalement mauvais<\/em>.<\/p>\n\n\n\n<p><em>En cas de s\u00e9paration parentale hautement conflictuelle et violente, il peut arriver que l\u2019enfant soit pris en otage entre ses deux parents. Il y a alors un conflit de loyaut\u00e9 tel que cela entra\u00eene chez lui une tension insupportable et une forte angoisse. Dans ce cas pour moins souffrir, il peut en venir \u00e0 choisir son camp, en se ralliant au parent, son p\u00e8re ou sa m\u00e8re qui lui met le plus de pression, qui lui fait peur ou qui para\u00eet le plus malheureux et \u00e0 rejeter l\u2019autre parent et toute la famille de ce dernier. <\/em>\u00ab\u00a0.<\/p>\n<\/blockquote>\n\n\n\n<h3 class=\"wp-block-heading\"><strong><mark style=\"background-color:rgba(0, 0, 0, 0);color:#ff7ac3\" class=\"has-inline-color\">Isabelle Nazarre-Aga<\/mark><\/strong><\/h3>\n\n\n\n<p>Selon <a data-type=\"link\" data-id=\"https:\/\/www.isabellenazare-aga.com\/\" href=\"https:\/\/www.isabellenazare-aga.com\/\">Isabelle Nazarre-Aga<\/a>, th\u00e9rapeute fran\u00e7aise dipl\u00f4m\u00e9e en PNL et victimologie, le profil \u00ab\u00a0privil\u00e9gi\u00e9\u00a0\u00bb du parent ali\u00e9nant est le suivant :<\/p>\n\n\n\n<blockquote class=\"wp-block-quote is-layout-flow wp-block-quote-is-layout-flow\">\n<p><em>\u00ab les hommes et les femmes \u00e0 la personnalit\u00e9 narcissique ont le profil psychiatrique parfait pour tenter d\u2019ali\u00e9ner leurs enfants contre leur ex-compagnon (compagne) de vie \u00bb<\/em><\/p>\n<\/blockquote>\n\n\n\n<h3 class=\"wp-block-heading\"><strong><mark style=\"background-color:rgba(0, 0, 0, 0);color:#ff7ac3\" class=\"has-inline-color\">Amy J.L. Baker<\/mark><\/strong><\/h3>\n\n\n\n<p><a data-type=\"link\" data-id=\"https:\/\/www.amyjlbaker.com\/\" href=\"https:\/\/www.amyjlbaker.com\/\">Amy J. L. Baker<\/a>, une experte reconnue dans le domaine de l&rsquo;ali\u00e9nation parentale, a explor\u00e9 comment l&rsquo;ali\u00e9nation parentale peut \u00eatre perp\u00e9tr\u00e9e. Elle l&rsquo;est non seulement par les parents biologiques, mais aussi par d&rsquo;autres adultes impliqu\u00e9s dans la vie de l&rsquo;enfant, y compris les partenaires des parents.&nbsp; <\/p>\n\n\n\n<p>Dans ses travaux, Amy Baker soul\u00e8ve la dynamique o\u00f9 un partenaire ou un conjoint d&rsquo;un parent peut contribuer \u00e0 l&rsquo;ali\u00e9nation de l&rsquo;autre parent. Par exemple, Baker d\u00e9crit comment un beau-parent peut jouer un r\u00f4le significatif dans l&rsquo;encouragement ou le soutien des comportements ali\u00e9nants. Cela peut inclure des actions comme renforcer les messages n\u00e9gatifs du parent ali\u00e9nant ou participer activement \u00e0 limiter le contact entre l&rsquo;enfant et le parent cible.&nbsp;&nbsp;<\/p>\n\n\n\n<h3 class=\"wp-block-heading\"><strong><mark style=\"background-color:rgba(0, 0, 0, 0);color:#ff7ac3\" class=\"has-inline-color\">Dr. Hubert Van Gijseghem<\/mark><\/strong><\/h3>\n\n\n\n<p><a href=\"https:\/\/www.hubertvangijseghem.com\/category\/alienation-parentale\/\" data-type=\"link\" data-id=\"https:\/\/www.hubertvangijseghem.com\/category\/alienation-parentale\/\" target=\"_blank\" rel=\"noreferrer noopener\">Dr Hubert Van Gijseghem<\/a><a href=\"https:\/\/www.hubertvangijseghem.com\/category\/alienation-parentale\/\" data-type=\"link\" data-id=\"https:\/\/www.hubertvangijseghem.com\/category\/alienation-parentale\/\">,<\/a> PhD Psychologue de la KUL et Professeur \u00e0 l&rsquo;Universit\u00e9 de Montr\u00e9al en parle de la mani\u00e8re simplifi\u00e9e mais concise suivante :<\/p>\n\n\n\n<blockquote class=\"wp-block-quote is-layout-flow wp-block-quote-is-layout-flow\">\n<p><em>\u00ab\u00a0L\u2019ali\u00e9nation parentale est aujourd\u2019hui d\u00e9finie comme le trouble de l\u2019enfant qui s\u2019allie fortement avec un parent et, de fa\u00e7on injustifi\u00e9e, rejette l\u2019autre parent.\u00a0\u00bb<\/em><\/p>\n<\/blockquote>\n\n\n\n<p>Cet article comporte d&rsquo;autres facteurs, tels que certaines particularit\u00e9s des interventions judiciaires et cliniques qui, plut\u00f4t que de r\u00e9soudre le trouble, risquent de l\u2019intensifier.<sup data-fn=\"dd767b90-c1ae-4803-b25b-52895f9440e7\" class=\"fn\"><a href=\"#dd767b90-c1ae-4803-b25b-52895f9440e7\" id=\"dd767b90-c1ae-4803-b25b-52895f9440e7-link\">2<\/a><\/sup><\/p>\n\n\n\n<h2 class=\"wp-block-heading\"><mark style=\"background-color:rgba(0, 0, 0, 0);color:#ff7ac3\" class=\"has-inline-color\">Conclusion<\/mark><\/h2>\n\n\n\n<p>A nos yeux, la d\u00e9finition du PASG uniformise le mieux toutes ces d\u00e9finitions. Cette d\u00e9finition doit donc \u00eatre la r\u00e9f\u00e9rence puisqu&rsquo;elle met d&rsquo;accord les 932 sp\u00e9cialistes en ali\u00e9nation parentale du PASG.<\/p>\n\n\n\n<p>Il s&rsquo;agit donc bien de maltraitance psychologique comme reconnu et soulign\u00e9 par l&rsquo;<a data-type=\"link\" data-id=\"https:\/\/www.one.be\/fileadmin\/user_upload\/siteone\/PRO\/Maltraitance\/CCAEVM_comptre_rendu_de_la_journee_du_17-10-2014.pdf\" href=\"https:\/\/www.one.be\/fileadmin\/user_upload\/siteone\/PRO\/Maltraitance\/CCAEVM_comptre_rendu_de_la_journee_du_17-10-2014.pdf\" target=\"_blank\" rel=\"noreferrer noopener\">ONE<\/a>. L&rsquo;Etat Belge ne condamne malheureusement pas cette maltraitance-l\u00e0. Donc la Loi l&rsquo;autorise de mani\u00e8re absolument aberrante. Il faut clairement \u00e9viter et sinon condamner ces comportements.<\/p>\n\n\n<ol class=\"wp-block-footnotes\"><li id=\"76669a5a-a1a9-4c99-acf3-87131b6da812\"><a href=\"https:\/\/www.roland-broca.com\/\">Dr Roland Broca<\/a> et Olga Odinetz de l&rsquo;<a href=\"https:\/\/www.acalpa.info\/\" data-type=\"link\" data-id=\"https:\/\/www.acalpa.info\/\">ACALPA<\/a>: \u00ab S\u00e9parations conflictuelle et ali\u00e9nation parentale &#8211; Enfants en danger \u00bb 3\u00e8me \u00e9dition revue et augment\u00e9e, <em>\u00c9dition Chronique Sociale<\/em>, 2022, p.101<br> <a href=\"#76669a5a-a1a9-4c99-acf3-87131b6da812-link\" aria-label=\"Aller \u00e0 la note de bas de page 1\">\u21a9\ufe0e<\/a><\/li><li id=\"dd767b90-c1ae-4803-b25b-52895f9440e7\"><a href=\"https:\/\/www.hubertvangijseghem.com\/\" data-type=\"link\" data-id=\"https:\/\/www.hubertvangijseghem.com\/\">Van Gijseghem, H<\/a>. (2016). Facteurs contribuant \u00e0 l\u2019ali\u00e9nation parentale.\u00a0<em>Revue de Psycho\u00e9ducation, 45<\/em>, no 2, 453-468 <a href=\"#dd767b90-c1ae-4803-b25b-52895f9440e7-link\" aria-label=\"Aller \u00e0 la note de bas de page 2\">\u21a9\ufe0e<\/a><\/li><\/ol>\n\n\n<p><\/p>\n","protected":false},"excerpt":{"rendered":"<p>Histoire de la naissance de l&rsquo;ali\u00e9nation parentale Trop peu connue des professionnels des secteurs psycho m\u00e9dico-social et juridique, l&rsquo;ali\u00e9nation parentale n\u2019en cause pas moins de nombreux d\u00e9g\u00e2ts chez les personnes, adultes et enfants, qui en sont victimes. Pourtant elle concerne selon nos calculs 572 778 personnes en Belgique. Ce site vise \u00e0 simplifier et vulgariser au mieux ce processus&#46;&#46;&#46;<\/p>\n","protected":false},"author":2,"featured_media":0,"parent":0,"menu_order":0,"comment_status":"closed","ping_status":"open","template":"","meta":{"_monsterinsights_skip_tracking":false,"_monsterinsights_sitenote_active":false,"_monsterinsights_sitenote_note":"","_monsterinsights_sitenote_category":0,"footnotes":"[{\"content\":\"<a href=\\\"https:\/\/www.roland-broca.com\/\\\">Dr Roland Broca<\/a> et Olga Odinetz de l'<a href=\\\"https:\/\/www.acalpa.info\/\\\" data-type=\\\"link\\\" data-id=\\\"https:\/\/www.acalpa.info\/\\\">ACALPA<\/a>: \u00ab S\u00e9parations conflictuelle et ali\u00e9nation parentale - Enfants en danger \u00bb 3\u00e8me \u00e9dition revue et augment\u00e9e, <em>\u00c9dition Chronique Sociale<\/em>, 2022, p.101<br>\",\"id\":\"76669a5a-a1a9-4c99-acf3-87131b6da812\"},{\"content\":\"<a href=\\\"https:\/\/www.hubertvangijseghem.com\/\\\" data-type=\\\"link\\\" data-id=\\\"https:\/\/www.hubertvangijseghem.com\/\\\">Van Gijseghem, H<\/a>. (2016). Facteurs contribuant \u00e0 l\u2019ali\u00e9nation parentale.\u00a0<em>Revue de Psycho\u00e9ducation, 45<\/em>, no 2, 453-468\",\"id\":\"dd767b90-c1ae-4803-b25b-52895f9440e7\"}]"},"class_list":["post-2","page","type-page","status-publish","hentry"],"jetpack_sharing_enabled":true,"_links":{"self":[{"href":"https:\/\/alienation-parentale.be\/index.php?rest_route=\/wp\/v2\/pages\/2","targetHints":{"allow":["GET"]}}],"collection":[{"href":"https:\/\/alienation-parentale.be\/index.php?rest_route=\/wp\/v2\/pages"}],"about":[{"href":"https:\/\/alienation-parentale.be\/index.php?rest_route=\/wp\/v2\/types\/page"}],"author":[{"embeddable":true,"href":"https:\/\/alienation-parentale.be\/index.php?rest_route=\/wp\/v2\/users\/2"}],"replies":[{"embeddable":true,"href":"https:\/\/alienation-parentale.be\/index.php?rest_route=%2Fwp%2Fv2%2Fcomments&post=2"}],"version-history":[{"count":109,"href":"https:\/\/alienation-parentale.be\/index.php?rest_route=\/wp\/v2\/pages\/2\/revisions"}],"predecessor-version":[{"id":1356,"href":"https:\/\/alienation-parentale.be\/index.php?rest_route=\/wp\/v2\/pages\/2\/revisions\/1356"}],"wp:attachment":[{"href":"https:\/\/alienation-parentale.be\/index.php?rest_route=%2Fwp%2Fv2%2Fmedia&parent=2"}],"curies":[{"name":"wp","href":"https:\/\/api.w.org\/{rel}","templated":true}]}}