{"id":203,"date":"2024-07-25T16:23:20","date_gmt":"2024-07-25T14:23:20","guid":{"rendered":"https:\/\/alienation-parentale.be\/?page_id=203"},"modified":"2026-02-25T23:27:58","modified_gmt":"2026-02-25T22:27:58","slug":"contexte-legal-a-lalienation-parentale","status":"publish","type":"page","link":"https:\/\/alienation-parentale.be\/?page_id=203","title":{"rendered":"Cadre l\u00e9gal \u00e0 l&rsquo;ali\u00e9nation parentale en Belgique"},"content":{"rendered":"\n<h2 class=\"wp-block-heading\"><strong><mark style=\"background-color:rgba(0, 0, 0, 0);color:#ff7ac3\" class=\"has-inline-color\">INTRODUCTION<\/mark><\/strong><\/h2>\n\n\n\n<p>Cette page n&rsquo;a de loin pas la pr\u00e9tention de donner tous les articles de loi dans les diff\u00e9rents codes qui interviennent dans un jugement familial o\u00f9 l&rsquo;ali\u00e9nation parentale est pr\u00e9sente. Par contre, il nous semble indispensable de faire l&rsquo;inventaire des manquements l\u00e9gaux menant \u00e0 l&rsquo;autorisation implicite de la Loi \u00e0 pratiquer l&rsquo;ali\u00e9nation parentale. Voici donc, ci-apr\u00e8s, le contexte l\u00e9gal \u00e0 l&rsquo;ali\u00e9nation parentale en Belgique et nos commentaires montrant ses faiblesses et n\u00e9cessit\u00e9s de rem\u00e9diation l\u00e9gale ou organisationnelle. <\/p>\n\n\n\n<h2 class=\"wp-block-heading\"><strong><mark style=\"background-color:rgba(0, 0, 0, 0);color:#ff7ac3\" class=\"has-inline-color\">DROIT INTERNATIONAL<\/mark><\/strong><\/h2>\n\n\n\n<p>La Belgique est signataire de diff\u00e9rentes Conventions Internationales :  la Convention Europ\u00e9enne des Droits de l&rsquo;Homme (CEDH) et la Convention Internationale des Droits de l&rsquo;Enfant (CIDE).<sup data-fn=\"7a1bdadb-3315-47ff-9a80-56ba3034fa78\" class=\"fn\"><a id=\"7a1bdadb-3315-47ff-9a80-56ba3034fa78-link\" href=\"#7a1bdadb-3315-47ff-9a80-56ba3034fa78\">1<\/a><\/sup><\/p>\n\n\n\n<p>Ces Conventions doivent donc obligatoirement \u00eatre respect\u00e9es en Belgique et traduites dans le Droit belge. A d\u00e9faut, le Juge se doit de les respecter. Ceci \u00e9tant, si l&rsquo;avocat ne lui rappelle pas, il pourrait \u00ab\u00a0oublier\u00a0\u00bb certains principes et ne pas discerner l&rsquo;essentiel. En effet, la situation d&rsquo;ali\u00e9nation parentale est complexe et m\u00e9rite que ce soient des sp\u00e9cialistes qui la traitent.<\/p>\n\n\n\n<p>La Loi Belge ne pr\u00e9voit pas par contre de cadre l\u00e9gal pour tous ces \u00e9l\u00e9ments repris ci-dessous . C&rsquo;est donc le  Juge qui appr\u00e9ciera malgr\u00e9 qu&rsquo;il ne soit absolument pas form\u00e9 \u00e0 l&rsquo;ali\u00e9nation parentale. Le l\u00e9gislateur prend donc des risques immenses de maltraitance des enfants avec pour effet 572.000 victimes aujourd&rsquo;hui en Belgique.<\/p>\n\n\n\n<h3 class=\"wp-block-heading\"><strong><mark style=\"background-color:rgba(0, 0, 0, 0);color:#ff7ac3\" class=\"has-inline-color\">CONVENTION INTERNATIONALE DES DROITS DE L&rsquo;ENFANT<\/mark><\/strong><\/h3>\n\n\n\n<h4 class=\"wp-block-heading\"><strong><mark style=\"background-color:rgba(0, 0, 0, 0);color:#ff7ac3\" class=\"has-inline-color\">Article 2 : protection de l&rsquo;enfant contre les parents et autres responsables <\/mark><\/strong><\/h4>\n\n\n\n<blockquote class=\"wp-block-quote is-layout-flow wp-block-quote-is-layout-flow\">\n<p><strong><em>2 | \u00ab\u00a0Les \u00c9tats parties prennent toutes les mesures appropri\u00e9es pour que l\u2019enfant soit effectivement prot\u00e9g\u00e9 contre toutes formes de discrimination ou de sanction motiv\u00e9es par la situation juridique, les activit\u00e9s, les opinions d\u00e9clar\u00e9es ou les convictions de ses parents, de ses repr\u00e9sentants l\u00e9gaux ou des membres de sa famille.\u00a0\u00bb<\/em><\/strong><\/p>\n<\/blockquote>\n\n\n\n<p>Sans expertise pour appr\u00e9cier le bien-fond\u00e9 des convictions du parent \u00e9loignant, le Juge seul ne peut appr\u00e9cier la situation. <\/p>\n\n\n\n<p>Il convient donc d&rsquo;obliger le Juge, expert en Droit mais pas en psychologie d&rsquo;ali\u00e9nation parentale, \u00e0 se faire \u00e9pauler par des experts form\u00e9s. Ceci est d&rsquo;application en particulier dans les cas d&rsquo;urgence afin de ne pas tomber dans la pr\u00e9cipitation, mauvaise conseill\u00e8re.<\/p>\n\n\n\n<h4 class=\"wp-block-heading\"><strong><mark style=\"background-color:rgba(0, 0, 0, 0);color:#ff7ac3\" class=\"has-inline-color\">Article 3 : l&rsquo;int\u00e9r\u00eat sup\u00e9rieur de l&rsquo;enfant doit \u00eatre primordial<\/mark><\/strong><\/h4>\n\n\n\n<blockquote class=\"wp-block-quote is-layout-flow wp-block-quote-is-layout-flow\">\n<p><em><strong>\u00ab\u00a0Dans toutes les d\u00e9cisions qui concernent les enfants, qu\u2019elles soient le fait des institutions publiques ou priv\u00e9es de protection sociale, des tribunaux, des autorit\u00e9s administratives ou des organes l\u00e9gislatifs, l\u2019int\u00e9r\u00eat sup\u00e9rieur de l\u2019enfant doit \u00eatre une consid\u00e9ration primordiale.\u00a0\u00bb<\/strong><\/em><\/p>\n<\/blockquote>\n\n\n\n<p>L'\u00a0\u00bbint\u00e9r\u00eat sup\u00e9rieur de l&rsquo;enfant\u00a0\u00bb se traduit sous diverses formes. Le principe de son int\u00e9r\u00eat sup\u00e9rieur n&rsquo;ets pas forc\u00e9ment de lui donner ce qu&rsquo;il demande. Il faut en tenir compte lors de leurs auditions et en particulier lors d&rsquo;ali\u00e9nation parentale. Le r\u00e9cit est est trip souvenbt dans ces cas color\u00e9 si pas invent\u00e9 et r\u00e9cit\u00e9 avec conviction par l&rsquo;enfant. Son int\u00e9r\u00eat sup\u00e9rieur est son bien-\u00eatre avant tout. Il faut donc absolument \u00e9viter le conflit parental en priorit\u00e9. Confier, de ce fait, la garde exclusive \u00e0 un seul parent dans le cas d&rsquo;ali\u00e9nation parentale ne fait qu&rsquo;accentuer le conflit.<\/p>\n\n\n\n<p>D&rsquo;abord et avant tout le Juge doit donc privil\u00e9gier l&rsquo;\u00e9ducation et les contacts des deux parents ! Il convient donc d&rsquo;am\u00e9nager nos lois pour privil\u00e9gier l&rsquo;\u00e9ducation des deux parents comme repris dans cette Convention. A noter que l&rsquo;autorit\u00e9 parentale partag\u00e9e n&rsquo;est qu&rsquo;un leurre si la garde n&rsquo;est pas partag\u00e9e au moins partiellement.<\/p>\n\n\n\n<h4 class=\"wp-block-heading\"><strong><mark style=\"background-color:rgba(0, 0, 0, 0);color:#ff7ac3\" class=\"has-inline-color\">Article 4 : obligation de l&rsquo;Etat de tout mettre en oeuvre <\/mark><\/strong><\/h4>\n\n\n\n<blockquote class=\"wp-block-quote is-layout-flow wp-block-quote-is-layout-flow\">\n<p><em><strong>\u00ab\u00a0Les \u00c9tats parties s\u2019engagent \u00e0 prendre toutes les mesures l\u00e9gislatives, administratives et autres qui sont n\u00e9cessaires pour mettre en oeuvre les droits reconnus dans la pr\u00e9sente Convention. Dans le cas des droits \u00e9conomiques, sociaux et culturels, ils prennent ces mesures dans toutes les limites des ressources dont ils disposent et, s\u2019il y a lieu, dans le cadre de la coop\u00e9ration internationale.\u00a0\u00bb<\/strong><\/em><\/p>\n<\/blockquote>\n\n\n\n<p>En laissant l&rsquo;appr\u00e9ciation de l&rsquo;ali\u00e9nation parentale au Juge, on ne met pas en place les m\u00e9canismes et garanties n\u00e9cessaires \u00e0 l&rsquo;\u00e9vitement de l&rsquo;ali\u00e9nation parentale. De surcro\u00eet, les sp\u00e9cialistes reconnaissent que plus on attend pour traiter l&rsquo;ali\u00e9nation parentale, plus elle se renforce. Les psychologues prennent trop facilement un an voire un an et demi pour faire leur rapport. C&rsquo;est beaucoup trop long. L&rsquo;ali\u00e9nation parentale s&rsquo;installe alors et devient grave au point parfois de devenir irr\u00e9m\u00e9diable !<\/p>\n\n\n\n<p>Il convient donc de mettre en place des proc\u00e9dures d&rsquo;\u00e9valuation et de rem\u00e9diation end\u00e9ans les trois mois maximum.  <\/p>\n\n\n\n<h4 class=\"wp-block-heading\"><mark style=\"background-color:rgba(0, 0, 0, 0);color:#ff7ac3\" class=\"has-inline-color\"><strong>Article 6<\/strong> <strong>2| : obligation d&rsquo;assurer le d\u00e9veloppement de l&rsquo;enfant <\/strong><\/mark><\/h4>\n\n\n\n<blockquote class=\"wp-block-quote is-layout-flow wp-block-quote-is-layout-flow\">\n<p><strong><em>2| \u00ab\u00a0Les \u00c9tats parties assurent dans toute la mesure possible la survie et le d\u00e9veloppement de l\u2019enfant.\u00a0\u00bb<\/em><\/strong><\/p>\n<\/blockquote>\n\n\n\n<p>L&rsquo;Etat en ne mettant pas en place les proc\u00e9dures n\u00e9cessaires pour lutter contre l&rsquo;ali\u00e9nation parentale, se fait complice des parents ali\u00e9nants en leur permettant tacitement cette maltraitance. <\/p>\n\n\n\n<p>Il convient donc de mettre en place les proc\u00e9dures, dont la m\u00e9thode Cochem et les techniques d&rsquo;identification de l&rsquo;ali\u00e9nation parentale. Il faut aussi mettre en place les process d&rsquo;\u00e9valuation et de rem\u00e9diation. Il faut \u00e9galement des formations n\u00e9cessaires afin de juguler ces attitudes n\u00e9fastes aux enfants lors de s\u00e9parations conflictuelles. <\/p>\n\n\n\n<p><strong>Ces proc\u00e9dures doivent imp\u00e9rativement \u00eatre mises en place end\u00e9ans les trois mois des premiers signes identifiables d&rsquo;ali\u00e9nation parentale.<\/strong> Cela vaut en particulier lors de la non-remise d&rsquo;enfant.<\/p>\n\n\n\n<h4 class=\"wp-block-heading\"><strong><mark style=\"background-color:rgba(0, 0, 0, 0);color:#ff7ac3\" class=\"has-inline-color\">Article 7: droit de conna\u00eetre ses parents et d&rsquo;\u00eatre \u00e9lev\u00e9 par eux <\/mark><\/strong><\/h4>\n\n\n\n<blockquote class=\"wp-block-quote is-layout-flow wp-block-quote-is-layout-flow\">\n<p><strong><em>1 | \u00ab\u00a0L\u2019enfant est enregistr\u00e9 aussit\u00f4t sa naissance et a d\u00e8s celle-ci le droit \u00e0 un nom, le droit d\u2019acqu\u00e9rir une nationalit\u00e9 et, dans la mesure du possible, le droit de conna\u00eetre ses parents et d\u2019\u00eatre \u00e9lev\u00e9 par eux.\u00a0\u00bb<\/em><\/strong><\/p>\n<\/blockquote>\n\n\n\n<p>L&rsquo;enfant a donc bien le droit \u00e0 l&rsquo;\u00e9ducation de ses deux parents. Prendre une d\u00e9cision de retirer la garde d&rsquo;un enfant, m\u00eame si il y a pr\u00e9somption de maltraitance et sans pr\u00e9cautions pr\u00e9alables, peut \u00eatre pr\u00e9judiciable \u00e0 l&rsquo;enfant.<\/p>\n\n\n\n<p>Il est donc indispensable que cette pr\u00e9caution d&rsquo;analyse d&rsquo;\u00e9loignement th\u00e9rapeutique n\u00e9cessaire ou d&rsquo;identification de l&rsquo;ali\u00e9nation parentale soit prise imm\u00e9diatement et d\u00e8s les premiers signes d&rsquo;ali\u00e9nation parentale. Car souvent ces signes sont l&rsquo;indication d&rsquo;une ali\u00e9nation parentale bien ant\u00e9rieure et le risque d&rsquo;aggravation est d\u00e9j\u00e0 imminent. Il est donc indispensable que, par exemple, la non-remise d&rsquo;enfants minimis\u00e9e par la Police et le Parquet au travers d&rsquo;un classement sans suite, soit imm\u00e9diatement transmise au Parquet. Il faut que cela suscite une r\u00e9action du Juge afin d&rsquo;entraver le processus d&rsquo;ali\u00e9nation parentale.<\/p>\n\n\n\n<h4 class=\"wp-block-heading\"><strong><mark style=\"background-color:rgba(0, 0, 0, 0);color:#ff7ac3\" class=\"has-inline-color\">Article 81| : obligation de respecter l&rsquo;identit\u00e9 de l&rsquo;enfant <\/mark><\/strong><\/h4>\n\n\n\n<p>Le parent ali\u00e9nant par son comportement s&rsquo;ing\u00e8re ill\u00e9galement dans la vie de son enfant. Il l&#8217;emp\u00eache de la sorte d&rsquo;entretenir des relations affectives normales avec son autre parent.<\/p>\n\n\n\n<blockquote class=\"wp-block-quote is-layout-flow wp-block-quote-is-layout-flow\">\n<p><strong><em>1 l \u00ab\u00a0Les \u00c9tats parties s\u2019engagent \u00e0 respecter le droit de l\u2019enfant de pr\u00e9server son identit\u00e9, y compris sa nationalit\u00e9, son nom et ses relations familiales tels qu\u2019ils sont reconnus par loi, sans ing\u00e9rence ill\u00e9gale.\u00a0\u00bb<\/em><\/strong><\/p>\n<\/blockquote>\n\n\n\n<p>Il convient donc d&rsquo;int\u00e9grer dans la Loi un m\u00e9canisme d&rsquo;\u00e9vitement de ces comportements de mani\u00e8re pr\u00e9ventive. Il faudra aussi condamner et r\u00e9primer les r\u00e9cidivistes.<\/p>\n\n\n\n<h4 class=\"wp-block-heading\"><strong><mark style=\"background-color:rgba(0, 0, 0, 0);color:#ff7ac3\" class=\"has-inline-color\">Article 8 2| :obligation de r\u00e9tablir l&rsquo;identit\u00e9 de l&rsquo;enfant aussi vite que possible <\/mark><\/strong><\/h4>\n\n\n\n<blockquote class=\"wp-block-quote is-layout-flow wp-block-quote-is-layout-flow\">\n<p><strong><em>2 l \u00ab\u00a0Si un enfant est ill\u00e9galement priv\u00e9 des \u00e9l\u00e9ments constitutifs de son identit\u00e9 ou de certains d\u2019entre eux, les \u00c9tats parties doivent lui accorder une assistance et une protection appropri\u00e9es, pour que son identit\u00e9 soit r\u00e9tablie aussi rapidement que possible.\u00a0\u00bb<\/em><\/strong><\/p>\n<\/blockquote>\n\n\n\n<p>L&rsquo;identit\u00e9 de l&rsquo;enfant passe par l&rsquo;\u00e9ducation des ses parents. Ce peut \u00eatre  les Tribunaux ou un parent qui se mettent en travers du droit de l&rsquo;enfant \u00e0 construire son identit\u00e9. Si l&rsquo;un d&rsquo;eux \u00e9loigne de mani\u00e8re non justifi\u00e9e et sans en soupeser les cons\u00e9quences n\u00e9gatives au regard des b\u00e9n\u00e9fices \u00e9ventuels, il se met en d\u00e9faut au regard de ce droit. <\/p>\n\n\n\n<p>Il convient donc avant de prendre des mesures pr\u00e9ventives ou protectrices quelconques de prendre les mesures de pr\u00e9caution n\u00e9cessaires afin d&rsquo;\u00e9valuer les cons\u00e9quences positives au regard des n\u00e9gatives avant d&rsquo;\u00e9loigner un enfant de son parent. Le Juge seul est donc mal plac\u00e9 et pas form\u00e9 pour prendre seul pareille d\u00e9cision.<\/p>\n\n\n\n<h4 class=\"wp-block-heading\"><mark style=\"background-color:rgba(0, 0, 0, 0);color:#ff7ac3\" class=\"has-inline-color\"><strong>Article 9 1| : obligation de ne pas s\u00e9parer l&rsquo;enfant des parents contre leur gr\u00e9 <\/strong><\/mark><\/h4>\n\n\n\n<p><strong><em> 1 | \u00ab\u00a0Les \u00c9tats parties veillent \u00e0 ce que l\u2019enfant ne soit pas s\u00e9par\u00e9 de ses parents contre leur gr\u00e9, \u00e0 moins que les autorit\u00e9s comp\u00e9tentes ne d\u00e9cident, sous r\u00e9serve de r\u00e9vision judiciaire et conform\u00e9ment aux lois et proc\u00e9dures applicables, que cette s\u00e9paration est n\u00e9cessaire dans l\u2019int\u00e9r\u00eat sup\u00e9rieur de l\u2019enfant. Une d\u00e9cision en ce sens peut \u00eatre n\u00e9cessaire dans certains cas particuliers, par exemple lorsque les parents maltraitent ou n\u00e9gligent l\u2019enfant, ou lorsqu\u2019ils vivent s\u00e9par\u00e9ment et qu\u2019une d\u00e9cision doit \u00eatre prise au sujet du lieu de r\u00e9sidence de l\u2019enfant.\u00a0\u00bb<\/em><\/strong><\/p>\n\n\n\n<p>Sous le pr\u00e9texte que l&rsquo;enfant a le droit \u00e0 l&rsquo;\u00e9coute, pour autant qu&rsquo;il ait le discernement n\u00e9cessaire, ce qu&rsquo;on oublie trop facilement parce qu&rsquo;il est difficile d&rsquo;\u00e9valuer pour un non expert ( comme beaucoup de psychologues ou comme certains juges ou pire comme certain assistants sociaux ), on \u00ab\u00a0oublie\u00a0\u00bb cet article 9 qui insiste sur l&rsquo;importance de l&rsquo;\u00e9ducation des deux parents \u00e0 laquelle tout enfant a droit. <\/p>\n\n\n\n<p>Trop rapidement et trop souvent, et sans expertise pr\u00e9alable, lors d&rsquo;une saisine, le Juge donne la garde exclusive de l&rsquo;enfant \u00e0 l&rsquo;auteur m\u00eame de l&rsquo;ali\u00e9nation parentale sur simple d\u00e9claration et d&rsquo;all\u00e9gations du parent ali\u00e9nant. Le processus de retour vers le parent ali\u00e9n\u00e9 devient alors extr\u00eamement difficile puisque l&rsquo;enfant est alors sous le joug total du parent ali\u00e9nant !<\/p>\n\n\n\n<p>Le Juge, seul, est donc mal plac\u00e9 pour appr\u00e9cier l&rsquo;urgence et la pertinence de la situation. Il convient de faire faire une expertise rapide ( maximum 3 mois ! ) par un expert form\u00e9.<\/p>\n\n\n\n<h4 class=\"wp-block-heading\"><strong><mark style=\"background-color:rgba(0, 0, 0, 0);color:#ff7ac3\" class=\"has-inline-color\">Article 9 3| : droit de l&rsquo;enfant s\u00e9par\u00e9 aux relations personnelles et contacts directs <\/mark><\/strong><\/h4>\n\n\n\n<blockquote class=\"wp-block-quote is-layout-flow wp-block-quote-is-layout-flow\">\n<p><strong><em>3 | \u00ab\u00a0Les \u00c9tats parties respectent le droit de l\u2019enfant s\u00e9par\u00e9 de ses deux parents ou de l\u2019un d\u2019eux d\u2019entretenir r\u00e9guli\u00e8rement des relations personnelles et des contacts directs avec ses deux parents, sauf si cela est contraire \u00e0 l\u2019int\u00e9r\u00eat sup\u00e9rieur de l\u2019enfant.\u00a0\u00bb<\/em><\/strong><\/p>\n<\/blockquote>\n\n\n\n<p>Il est \u00e9vident que c&rsquo;est un minimum que de donner \u00e0 l&rsquo;enfant les moyens et l&rsquo;autrorisation de garder contact avec ses deux parents. Trop souvent cette obligation lors de l&rsquo;\u00e9loigement d&rsquo;un enfant manque d&rsquo;attention, en particulier lors de cas dangereux comme l&rsquo;ali\u00e9nation parentale o\u00f9, de mani\u00e8re malicieuse le parent \u00e9loignant veille \u00e0 ce qu&rsquo;aucun contact direct du parent ali\u00e9n\u00e9 avec les enfants ne puisse se produire.<\/p>\n\n\n\n<p>Il faut donc imposer au Juge de veiller \u00e0 ce que les moyens de contact direct contemporains et les rencontres avec les enfants soient possibles afin d&rsquo;\u00e9viter cette perte du contact parental. Il faut donc aussi donner suffisamment de moyens aux centres SAJ ou autre CAW afin de permettre un encadrement imm\u00e9diat et prioritaire de ces rencontres d\u00e8s l&rsquo;ordonnance du Juge.  <\/p>\n\n\n\n<h4 class=\"wp-block-heading\"><strong><mark style=\"background-color:rgba(0, 0, 0, 0);color:#ff7ac3\" class=\"has-inline-color\">Article 12 : droit de l&rsquo;enfant \u00e0 \u00eatre entendu <\/mark><\/strong><\/h4>\n\n\n\n<blockquote class=\"wp-block-quote is-layout-flow wp-block-quote-is-layout-flow\">\n<p><strong><em>1 | \u00ab\u00a0Les \u00c9tats parties garantissent \u00e0 l\u2019enfant qui est capable de discernement le droit d\u2019exprimer librement son opinion sur toute question l\u2019int\u00e9ressant, les opinions de l\u2019enfant \u00e9tant d\u00fbment prises en consid\u00e9ration eu \u00e9gard \u00e0 son \u00e2ge et \u00e0 son degr\u00e9 de maturit\u00e9. 2. A cette fin, on donnera notamment \u00e0 l\u2019enfant la possibilit\u00e9 d\u2019\u00eatre entendu dans toute proc\u00e9dure judiciaire ou administrative l\u2019int\u00e9ressant, soit directement, soit par l\u2019interm\u00e9diaire d\u2019un repr\u00e9sentant ou d\u2019un organisme appropri\u00e9, de fa\u00e7on compatible avec les r\u00e8gles de proc\u00e9dure de la l\u00e9gislation nationale.\u00a0\u00bb<\/em><\/strong><\/p>\n<\/blockquote>\n\n\n\n<p>On est en droit de penser qu&rsquo;un enfant qui aura \u00e9t\u00e9 manipul\u00e9 et endoctrin\u00e9 par un parent contre l&rsquo;autre parent, un peu \u00e0 l&rsquo;instar des enfants soldats entra\u00een\u00e9s \u00e0 tuer, aura une vision plus que tronqu\u00e9e de la r\u00e9alit\u00e9. M\u00eame s&rsquo;il est int\u00e9ressant d&rsquo;auditionner cet enfant pour savoir ce qu&rsquo;il d\u00e9clare ressentir, un Juge non form\u00e9 aura du mal \u00e0 d\u00e9tecter le vrai du faux dans pareil cas.<\/p>\n\n\n\n<p>Il convient donc au minimum, lors de pareil cas, d&rsquo;avoir une autre opinion d&rsquo;une personne form\u00e9e, un psychologue certifi\u00e9, qui fera plus facilement la part des choses. Et afin de ne prendre aucun risque de faire passer ce cas dans une commission sp\u00e9cifique o\u00f9 on retrouvera le Juge, le psychologue expert, un assistant social pour \u00e9valuer la situation sociale et un philosophe pour \u00e9valuer les notions d&rsquo;impact sur les valeurs de vie et morales transmises \u00e0 l&rsquo;enfant au travers de cette d\u00e9cision.  <\/p>\n\n\n\n<h4 class=\"wp-block-heading\"><strong><mark style=\"background-color:rgba(0, 0, 0, 0);color:#ff7ac3\" class=\"has-inline-color\">Article 13 : libert\u00e9 d&rsquo;expression des enfants <\/mark><\/strong><\/h4>\n\n\n\n<blockquote class=\"wp-block-quote is-layout-flow wp-block-quote-is-layout-flow\">\n<p><strong><em>1l \u00ab\u00a0L\u2019enfant a droit \u00e0 la libert\u00e9 d\u2019expression. Ce droit comprend la libert\u00e9 de rechercher, de recevoir et de r\u00e9pandre des informations et des id\u00e9es de toute esp\u00e8ce, sans consid\u00e9ration de fronti\u00e8res, sous une forme orale, \u00e9crite, imprim\u00e9e ou artistique, ou par tout autre moyen du choix de l\u2019enfant.\u00a0\u00bb <\/em><\/strong><\/p>\n<\/blockquote>\n\n\n\n<p>Il faut bien comprendre ce que cet article implique dans le cadre de l&rsquo;ali\u00e9nation parentale : le parent qui inculque \u00e0 son enfant de fausses notions quant \u00e0 l&rsquo;autre parent et qui de la sorte impose un point de vue  erron\u00e9 \u00e0 son enfant, le met dans des conditions ne lui permettant pas d&rsquo;exprimer librement son opinion. <\/p>\n\n\n\n<p>Il faut donc convenir que ce comportement parental qui consiste \u00e0 ali\u00e9ner son enfant de l&rsquo;autre parent, est condamnable et est une entrave \u00e0 sa libert\u00e9 d&rsquo;expression.     <\/p>\n\n\n\n<h4 class=\"wp-block-heading\"><strong><mark style=\"background-color:rgba(0, 0, 0, 0);color:#ff7ac3\" class=\"has-inline-color\">Article 13 : respect des enfants et r\u00f4le de guide des parents <\/mark><\/strong><\/h4>\n\n\n\n<blockquote class=\"wp-block-quote is-layout-flow wp-block-quote-is-layout-flow\">\n<p><em>\u00ab\u00a0L\u2019\u00c9tat respecte le droit de l\u2019enfant \u00e0 la libert\u00e9 de pens\u00e9e, de conscience et de religion, dans le respect du r\u00f4le de guide jou\u00e9 par les parents.\u00a0\u00bb<\/em><\/p>\n<\/blockquote>\n\n\n\n<p>Ce r\u00f4le de guide du parent ( et pas de manipulateur ! ) est souvent mis au diapason par \u00ab\u00a0pr\u00e9caution\u00a0\u00bb et pour \u00ab\u00a0prot\u00e9ger\u00a0\u00bb l&rsquo;enfant. Le paradoxe est parfois si pointu que le Tribunal, par manque d&rsquo;expertise, confie l&rsquo;enfant de mani\u00e8re exclusive ou prioritaire au parent manipulateur et menteur qui utilise alors l&rsquo;enfant comme arme contre l&rsquo;autre parent ! Ce qui est de toute \u00e9vidence contre-productif et destructeur. <\/p>\n\n\n\n<p>Il est temps de l\u00e9gif\u00e9rer en cette mati\u00e8re et de r\u00e9former les lois pour interdire ces comportements.<\/p>\n\n\n\n<h4 class=\"wp-block-heading\"><mark style=\"background-color:rgba(0, 0, 0, 0);color:#ff7ac3\" class=\"has-inline-color\"><strong>Article 16<\/strong> <strong>: immixtions arbitraires ou ill\u00e9gales dans la vie de l&rsquo;enfant <\/strong><\/mark><\/h4>\n\n\n\n<blockquote class=\"wp-block-quote is-layout-flow wp-block-quote-is-layout-flow\">\n<p><strong>1l <em>\u00ab\u00a0Nul enfant ne fera l\u2019objet d\u2019immixtions arbitraires ou ill\u00e9gales dans sa vie priv\u00e9e, sa famille, son domicile ou sa correspondance, ni d\u2019atteintes ill\u00e9gales \u00e0 son honneur et \u00e0 sa r\u00e9putation.\u00a0\u00bb<\/em><\/strong><\/p>\n<\/blockquote>\n\n\n\n<p>Il va sans dire que l&rsquo;ali\u00e9nation parentale est une immixtion arbitraire dans la vie priv\u00e9e, la vie de famille, le domicile et voire la correspondance de l&rsquo;enfant. Ne pas reconnaitre cela et ne pas le condamner est implicitement accepter que cela se passe et se rendre complice de ces s\u00e9vices psychologiques inflig\u00e9s aux enfants.   <\/p>\n\n\n\n<p>L&rsquo;Etat doit donc qualifier et identifier ce qu&rsquo;est l&rsquo;ali\u00e9nation parentale et d&rsquo;abord pr\u00e9venir et ensuite, s&rsquo;il y a r\u00e9cidive, faire condamner les comportements menant \u00e0 l&rsquo;ali\u00e9nation parentale. <\/p>\n\n\n\n<h4 class=\"wp-block-heading\"><strong><mark style=\"background-color:rgba(0, 0, 0, 0);color:#ff7ac3\" class=\"has-inline-color\">Article 18 : responsabilit\u00e9 commune des parents \u00e0 \u00e9duquer les enfants <\/mark><\/strong><\/h4>\n\n\n\n<blockquote class=\"wp-block-quote is-layout-flow wp-block-quote-is-layout-flow\">\n<p><strong>1 l <em>\u00ab\u00a0Les \u00c9tats parties s\u2019emploient de leur mieux \u00e0 assurer la reconnaissance du principe selon lequel les deux parents ont une responsabilit\u00e9 commune pour ce qui est d\u2019\u00e9lever l\u2019enfant et d\u2019assurer son d\u00e9veloppement. La responsabilit\u00e9 d\u2019\u00e9lever l\u2019enfant et d\u2019assurer son d\u00e9veloppement incombe au premier chef aux parents ou, le cas \u00e9ch\u00e9ant, \u00e0 ses repr\u00e9sentants l\u00e9gaux. Ceux-ci doivent \u00eatre guid\u00e9s avant tout par l\u2019int\u00e9r\u00eat sup\u00e9rieur de l\u2019enfant.\u00a0\u00bb<\/em><\/strong><\/p>\n<\/blockquote>\n\n\n\n<p>Il est imp\u00e9ratif que l&rsquo;Etat r\u00e9alise la gravit\u00e9 d&rsquo;une d\u00e9cision de retrait partiel ou total de garde \u00e0 un parent et prenne les mesures n\u00e9cessaires pour que le Juge poss\u00e8de l&rsquo;information de mani\u00e8re suffisamment d\u00e9taill\u00e9e de l&rsquo;impact de pareille d\u00e9cision sur l&rsquo;enfant et son \u00e9tat psychique. Le juge seul une nouvelle fois ne dispose pas de la formation n\u00e9cessaire pour \u00e9valuer seul de cette situation.<\/p>\n\n\n\n<p>Il faut que l&rsquo;Etat prenne les mesures n\u00e9cessaires afin d&rsquo;\u00e9viter d&rsquo;avoir plus de cons\u00e9quences n\u00e9gatives au retrait de l&rsquo;h\u00e9bergement \u00e0 un parent que d&rsquo;effets positifs. En particulier, le Juge tenir en compte du fait que le retrait d&rsquo;h\u00e9bergement a un effet d\u00e9sastreux sur l&rsquo;autorit\u00e9 parentale du parent et sur la relation affective de l&rsquo;enfant avec le parent auquel on a retir\u00e9 partiellement ou totalement l&rsquo;h\u00e9bergement.   <\/p>\n\n\n\n<h4 class=\"wp-block-heading\"><mark style=\"background-color:rgba(0, 0, 0, 0);color:#ff7ac3\" class=\"has-inline-color\"><strong>Article 19 <\/strong>: <strong>protection de l&rsquo;enfant contre toute forme de violence<\/strong><\/mark><mark style=\"background-color:rgba(0, 0, 0, 0)\" class=\"has-inline-color has-vivid-red-color\"><strong> <\/strong><\/mark><\/h4>\n\n\n\n<blockquote class=\"wp-block-quote is-layout-flow wp-block-quote-is-layout-flow\">\n<p><strong>1 l <em>\u00ab\u00a0Les \u00c9tats parties prennent toutes les mesures l\u00e9gislatives, administratives, sociales et \u00e9ducatives appropri\u00e9es pour prot\u00e9ger l\u2019enfant contre toute forme de violence, d\u2019atteinte ou de brutalit\u00e9s physiques ou mentales, d\u2019abandon ou de n\u00e9gligence, de mauvais traitements ou d\u2019exploitation, y compris la violence sexuelle, pendant qu\u2019il est sous la garde de ses parents ou de l\u2019un d\u2019eux, de son ou ses repr\u00e9sentants l\u00e9gaux ou de toute autre personne \u00e0 qui il est confi\u00e9.\u00a0\u00bb<\/em><\/strong><\/p>\n<\/blockquote>\n\n\n\n<p>Il est important lors de d\u00e9cisions en mati\u00e8re de garde d&rsquo;enfants de ne pas confondre deux concepts : celui d&rsquo;\u00e9loignement th\u00e9rapeutique et celui d&rsquo;ali\u00e9nation parentale. L&rsquo;\u00e9loignement th\u00e9rapeutique consiste \u00e0 \u00e9carter l&rsquo;enfant d&rsquo;un ou deux parents pour ces motifs que l&rsquo;enfant est danger et que cet \u00e9cartement sera plus b\u00e9n\u00e9fique que n\u00e9gatif \u00e0 son bien-\u00eatre. <\/p>\n\n\n\n<p>A l&rsquo;inverse, prendre la d\u00e9cision du retrait partiel ou total d&rsquo;h\u00e9bergement \u00e0 un parent lors d&rsquo;ali\u00e9nation parentale ne peut en aucun cas se faire sans savoir qui est le parent d\u00e9nigrant l&rsquo;autre ! Le risque de le confier au parent ali\u00e9nant est \u00e9norme. En effet, de nombreuses apparences feront croire au Juge que le mauvais parent est en r\u00e9alit\u00e9 le parent ali\u00e9n\u00e9.<\/p>\n\n\n\n<p>Il est donc indispensable lors d&rsquo;indications d&rsquo;ali\u00e9nation parentale possible ( voir la grille de Bernett et Lorandos et le processus d&rsquo;\u00e9valuation de Van Gijseghem ), de prendre une d\u00e9cision sur base d&rsquo;un examen scrupuleux de la situation par un expert qui doit alors rendre un rapport rapide end\u00e9ans un maximum de trois mois afin de ne pas trop aggraver la situation.<\/p>\n\n\n\n<h4 class=\"wp-block-heading\"><strong><mark style=\"background-color:rgba(0, 0, 0, 0);color:#ff7ac3\" class=\"has-inline-color\">Article 20 : protection de l&rsquo;enfant priv\u00e9 de son milieu familial <\/mark><\/strong><\/h4>\n\n\n\n<blockquote class=\"wp-block-quote is-layout-flow wp-block-quote-is-layout-flow\">\n<p><strong>1 l <em>\u00ab\u00a0Tout enfant qui est temporairement ou d\u00e9finitivement priv\u00e9 de son milieu familial, ou qui dans son propre int\u00e9r\u00eat ne peut \u00eatre laiss\u00e9 dans ce milieu, a droit \u00e0 une protection et une aide sp\u00e9ciales de l\u2019\u00c9tat.\u00a0\u00bb<\/em><\/strong><\/p>\n<\/blockquote>\n\n\n\n<p>Laisser un enfant ali\u00e9n\u00e9 chez son parent ali\u00e9nant par manque de diligence et manque d&rsquo;analyse croyant que c&rsquo;est le parent ali\u00e9n\u00e9 est donc criminel. Surtout parce que cette d\u00e9cision est difficile prendre seul puisqu&rsquo;elle implique de multiples professions et que le Juge n&rsquo;a comme formation que le droit. L&#8217;emprise du parent ali\u00e9nant est souvent telle que les Juges et les assistant(e)s social(e)s n&rsquo;y voient que du feu, voire se font v\u00e9ritablement berner par le parent ali\u00e9nant.<\/p>\n\n\n\n<p>Il faut donc former le personnel judiciaire \u00e0 l&rsquo;ali\u00e9nation parentale, sa d\u00e9tection et sa rem\u00e9diation. Il faut faire juger de ce type de situation d&rsquo;ali\u00e9nation parentale par une \u00e9quipe form\u00e9e \u00e0 cet effet comme repris ci-dessus. Et il faut donc d&rsquo;abord pr\u00e9venir l&rsquo;ali\u00e9nation parentale au travers de la m\u00e9thode Cochem, ensuite soigner les personnes de ce comportement d\u00e9viant et si ce n&rsquo;est pas suffisant, r\u00e9primer les parents ali\u00e9nants r\u00e9calcitrants. <\/p>\n\n\n\n<p>En aucun cas on ne peut laisser la situation se d\u00e9grader pendant plusieurs ann\u00e9es comme cela se passe actuellement en attendant des rapports de psychologues pendant un an voire plus, faire des appels pour lesquels on attend des r\u00e9sultats un an de plus etc.. avec pour cons\u00e9quence que l&rsquo;endoctrinement s&rsquo;ancre et que les enfants deviennent compl\u00e8tement embrigad\u00e9s \u00e0 \u00ab\u00a0tuer\u00a0\u00bb l&rsquo;autre parent.<\/p>\n\n\n\n<h4 class=\"wp-block-heading\"><mark style=\"background-color:rgba(0, 0, 0, 0);color:#ff7ac3\" class=\"has-inline-color\"><strong>Article 29<\/strong> <strong>: \u00e9ducation dans le respect<\/strong><\/mark><\/h4>\n\n\n\n<blockquote class=\"wp-block-quote is-layout-flow wp-block-quote-is-layout-flow\">\n<p><strong>1 l <em>\u00ab\u00a0Les \u00c9tats parties conviennent que l\u2019\u00e9ducation de l\u2019enfant doit viser \u00e0 : &#8230;\/&#8230; c &#8211; inculquer \u00e0 l\u2019enfant le respect de ses parents, de son identit\u00e9, de sa langue et de ses valeurs culturelles, ainsi que le respect des valeurs nationales du pays dans lequel il vit, du pays duquel il peut \u00eatre originaire et des<br>civilisations diff\u00e9rentes de la sienne ;d &#8211; pr\u00e9parer l\u2019enfant \u00e0 assumer les responsabilit\u00e9s de la vie dans une soci\u00e9t\u00e9 libre, dans un esprit de compr\u00e9hension, de paix, de tol\u00e9rance, d\u2019\u00e9galit\u00e9 entre les sexes et d\u2019amiti\u00e9 entre tous les peuples et groupes ethniques, nationaux et religieux, et avec les personnes d\u2019origine autochtone ;\u00a0\u00bb<\/em><\/strong><\/p>\n<\/blockquote>\n\n\n\n<p>Le respect des parents est une valeur qui aujourd&rsquo;hui est galvaud\u00e9e par l&rsquo;obsession des Juges \u00e0 \u00ab\u00a0\u00e9couter ce que l&rsquo;enfant dit\u00a0\u00bb et \u00e0 l&rsquo;appliquer de sorte \u00e0 veiller \u00e0 son bien-\u00eatre. Les Juges fabriquent de la sorte des enfants-rois qui on vite compris comment obtenir des avantages de l&rsquo;un ou l&rsquo;autre parent en les jouant l&rsquo;un contre l&rsquo;autre. <\/p>\n\n\n\n<p>Cette mani\u00e8re de faire est renforc\u00e9e par les Juges qui ne filtrant pas ce que l&rsquo;enfant dit au travers du prisme du respect d&rsquo;autrui et de ses parents et de la n\u00e9cessit\u00e9 d&rsquo;\u00e9duquer les enfants au moyen parfois de punitions justes et respectueuses de l&rsquo;enfant. De la sorte l&rsquo;enfant comprend vite qu&rsquo;il n&rsquo;aura aucune cons\u00e9quence \u00e0 ses comportements de refoulement injustifi\u00e9s du parent ali\u00e9n\u00e9.<\/p>\n\n\n\n<p>Il faut donc absolument  la plus grande prudence lors de d\u00e9cisions \u00e0 l&rsquo;agard des enfants afin que ces valeurs de respect ne soient pas d\u00e9truites par les d\u00e9cisions de Justice. C&rsquo;st pourquoi nous recommandons \u00e0 cet \u00e9gard que les cas d&rsquo;ali\u00e9nation parentale soient \u00e9valu\u00e9s non pas par un Juge seul mais pas par une commission coll\u00e9giale d&rsquo;experts donc le Juge comme d\u00e9crit plus haut.   <\/p>\n\n\n\n<h4 class=\"wp-block-heading\"><mark style=\"background-color:rgba(0, 0, 0, 0);color:#ff7ac3\" class=\"has-inline-color\"><strong>Article 39 : obligation de r\u00e9adaptation et de r\u00e9insertion<\/strong> <\/mark><\/h4>\n\n\n\n<blockquote class=\"wp-block-quote is-layout-flow wp-block-quote-is-layout-flow\">\n<p><strong><em>\u00ab\u00a0Les \u00c9tats parties prennent toutes les mesures appropri\u00e9es pour faciliter la r\u00e9adaptation physique et psychologique et la r\u00e9insertion sociale de tout enfant victime de toute forme de n\u00e9gligence, d\u2019exploitation ou de s\u00e9vices, de torture ou de toute autre forme de peines ou traitements cruels, inhumains ou d\u00e9gradants, ou de conflit arm\u00e9. Cette r\u00e9adaptation et cette r\u00e9insertion se d\u00e9roulent dans des conditions qui favorisent la sant\u00e9, le respect de soi et la dignit\u00e9 de l\u2019enfant.\u00a0\u00bb<\/em><\/strong><\/p>\n<\/blockquote>\n\n\n\n<p>Enfin il est \u00e9vident que l&rsquo;Etat qui ne prend pas ces mesures contre l&rsquo;ali\u00e9nation parentale se met donc en infraction sur 19 points comme repris ci-dessus \u00e0 l&rsquo;\u00e9gard de la Convention Internationale des Droits de l&rsquo;Enfant.<\/p>\n\n\n\n<p>Il est donc non seulement urgent mais aussi important que l&rsquo;Etat prenne des mesures de reconnaissance mais aussi de pr\u00e9vention et de r\u00e9pression de l&rsquo;ali\u00e9nation parentale sous peine de rester en infraction sur 19 points de cette Convention.  <\/p>\n\n\n\n<h3 class=\"wp-block-heading\"><strong><mark style=\"background-color:rgba(0, 0, 0, 0);color:#ff7ac3\" class=\"has-inline-color\">CONVENTION EUROPEENNE DES DROITS DE L&rsquo;HOMME<\/mark><\/strong> <sup data-fn=\"f6357d05-7eaf-4b16-ba8b-123c67a7d7f2\" class=\"fn\"><a id=\"f6357d05-7eaf-4b16-ba8b-123c67a7d7f2-link\" href=\"#f6357d05-7eaf-4b16-ba8b-123c67a7d7f2\">2<\/a><\/sup><\/h3>\n\n\n\n<h4 class=\"wp-block-heading\"><strong><mark style=\"background-color:rgba(0, 0, 0, 0);color:#ff7ac3\" class=\"has-inline-color\">Article 8 &#8211;\u00a0Droit au respect de la vie priv\u00e9e et familiale<\/mark><\/strong><\/h4>\n\n\n\n<p><strong>\u00ab\u00a0<em>Toute personne a droit au respect de sa vie priv\u00e9e et familiale, de son domicile et de sa correspondance.<\/em>\u00ab\u00a0<\/strong><\/p>\n\n\n\n<blockquote class=\"wp-block-quote is-layout-flow wp-block-quote-is-layout-flow\">\n<p>D\u00e9munir de mani\u00e8re injustifi\u00e9e un parent de sa famille est de toute \u00e9vidence un acte en infraction totale avec le respect de sa vie priv\u00e9e  et familiale. La loi Belge ne pr\u00e9voit rien de sp\u00e9cifique en la mati\u00e8re.<\/p>\n\n\n\n<p>Seuls un dispositif et un une l\u00e9gislation adapt\u00e9s pour lutter contre l&rsquo;ali\u00e9nation parentale sont de nature \u00e0 respecter cette Convention sign\u00e9e par la Belgique. <\/p>\n<\/blockquote>\n\n\n\n<h4 class=\"wp-block-heading\"><strong><mark style=\"background-color:rgba(0, 0, 0, 0);color:#ff7ac3\" class=\"has-inline-color\">Articles 12 et 16 &#8211; interdiction d&rsquo;immixtion arbitraire dans la vie priv\u00e9e, familiale, domicile ou correspondance <\/mark><\/strong><\/h4>\n\n\n\n<blockquote class=\"wp-block-quote is-layout-flow wp-block-quote-is-layout-flow\">\n<p><em><strong>\u00ab\u00a0Nul ne sera l&rsquo;objet d&rsquo;immixtions arbitraires dans sa vie priv\u00e9e, sa famille, son domicile ou sa correspondance, ni d&rsquo;atteintes \u00e0 son honneur et \u00e0 sa r\u00e9putation. Toute personne a droit \u00e0 la protection de la loi contre de telles immixtions ou de telles atteintes.\u00a0\u00bb<\/strong><\/em><\/p>\n<\/blockquote>\n\n\n\n<blockquote class=\"wp-block-quote is-layout-flow wp-block-quote-is-layout-flow\">\n<p><strong>\u00ab\u00a0<em>1. A partir de l&rsquo;\u00e2ge nubile, l&rsquo;homme et la femme, sans aucune restriction quant \u00e0 la race, la nationalit\u00e9 ou la religion, ont le droit de se marier et de fonder une famille. Ils ont des droits \u00e9gaux au regard du mariage, durant le mariage et lors de sa dissolution.&nbsp;<br>2. Le mariage ne peut \u00eatre conclu qu&rsquo;avec le libre et plein consentement des futurs \u00e9poux.&nbsp;<br>3. La famille est l&rsquo;\u00e9l\u00e9ment naturel et fondamental de la soci\u00e9t\u00e9 et a droit \u00e0 la protection de la soci\u00e9t\u00e9 et de l&rsquo;Etat.<\/em>\u00ab\u00a0<\/strong><\/p>\n<\/blockquote>\n\n\n\n<p>Au titre du bien-\u00eatre sup\u00e9rieur du Droit de l&rsquo;Enfant, ces articles sont souvent jet\u00e9s aux oubliettes sous pr\u00e9texte du bien-\u00eatre sup\u00e9rieur de l&rsquo;enfant. Un parent a le droit \u00e0 sa vie de famille, m\u00eame s\u00e9par\u00e9 de l&rsquo;autre parent. Toute obstruction \u00e0 ce droit constitue un d\u00e9lit grave. L&rsquo;ali\u00e9nation parentale en est une, mais n&rsquo;est pas condamn\u00e9e par la Loi Belge.<\/p>\n\n\n\n<p>Il est donc \u00e0 ce titre \u00e9galement indispensable pour la sant\u00e9 mentale des parents ali\u00e9n\u00e9s et le bien-\u00eatre de leurs enfants qui ont droit \u00e0 l&rsquo;\u00e9ducation de leurs deux parents que le Droit Belge reconnaisse, d\u00e9finisse, pr\u00e9vienne et r\u00e9prime l&rsquo;ali\u00e9nation parentale. <\/p>\n\n\n\n<h3 class=\"wp-block-heading\"><strong><mark style=\"background-color:rgba(0, 0, 0, 0);color:#ff7ac3\" class=\"has-inline-color\">Convention Internationale d&rsquo;Istanbul<\/mark><\/strong><\/h3>\n\n\n\n<h4 class=\"wp-block-heading\"><strong><mark style=\"background-color:rgba(0, 0, 0, 0);color:#ff7ac3\" class=\"has-inline-color\">1. Violence psychologique (Article 33)<\/mark><\/strong><\/h4>\n\n\n\n<blockquote class=\"wp-block-quote is-layout-flow wp-block-quote-is-layout-flow\">\n<p><em>\u00ab Les Parties prennent les mesures [&#8230;] pour \u00e9riger en infraction p\u00e9nale le fait [&#8230;] de porter gravement atteinte \u00e0 l\u2019int\u00e9grit\u00e9 psychologique d\u2019une personne par la contrainte ou les menaces. \u00bb<\/em><\/p>\n<\/blockquote>\n\n\n\n<p>L\u2019ali\u00e9nation parentale s\u2019exerce souvent par des actes de manipulation ou de d\u00e9nigrement, visant \u00e0 couper un enfant de l\u2019autre parent. Cela constitue une atteinte grave \u00e0 l\u2019int\u00e9grit\u00e9 psychologique de l\u2019enfant et du parent cibl\u00e9.<\/p>\n\n\n\n<p>Il est temps que Droit Civil Belge s&rsquo;aligne sur le Droit P\u00e9nal et reconnaisse que la violence psychologique faite aux enfants et aux parents doive contraindre les Juges \u00e0 prendre des mesures de protection imm\u00e9diates \u00e0 l&rsquo;encontre des enfants et parents ali\u00e9n\u00e9s. Il faut pour cela d\u00e8s les premiers signes contraindre le parent ali\u00e9nant \u00e0 arr\u00eater son ali\u00e9nation. <\/p>\n\n\n\n<h4 class=\"wp-block-heading\"><strong><mark style=\"background-color:rgba(0, 0, 0, 0);color:#ff7ac3\" class=\"has-inline-color\">2. Violence domestique et enfants t\u00e9moins (Articles 3, 26)<\/mark><\/strong><\/h4>\n\n\n\n<blockquote class=\"wp-block-quote is-layout-flow wp-block-quote-is-layout-flow\">\n<p><em>\u00ab Les enfants sont des victimes de la violence domestique, y compris en tant que t\u00e9moins de violence au sein de la famille. \u00bb<\/em><\/p>\n<\/blockquote>\n\n\n\n<p>L\u2019ali\u00e9nation parentale doit \u00eatre consid\u00e9r\u00e9e comme une forme de violence domestique psychologique sur l\u2019enfant, surtout si elle implique des discours haineux, des interdictions de contact, ou une peur injustifi\u00e9e de l&rsquo;autre parent. <\/p>\n\n\n\n<h4 class=\"wp-block-heading\"><strong><mark style=\"background-color:rgba(0, 0, 0, 0);color:#ff7ac3\" class=\"has-inline-color\">3. Droit de garde et s\u00e9curit\u00e9 des enfants (Article 31)<\/mark><\/strong><\/h4>\n\n\n\n<blockquote class=\"wp-block-quote is-layout-flow wp-block-quote-is-layout-flow\">\n<p><em>\u00ab Les incidents de violence doivent \u00eatre pris en compte dans les d\u00e9cisions de garde et de visite. \u00bb<\/em><\/p>\n<\/blockquote>\n\n\n\n<p>Si l\u2019ali\u00e9nation parentale est reconnue comme une forme de violence psychologique ou de maltraitance, elle doit influencer les d\u00e9cisions de garde dans le sens de prot\u00e9ger l\u2019enfant du parent ali\u00e9nant, m\u00eame si celui-ci est la m\u00e8re.<\/p>\n\n\n\n<h4 class=\"wp-block-heading\"><strong><mark style=\"background-color:rgba(0, 0, 0, 0);color:#ff7ac3\" class=\"has-inline-color\">4. Approche fond\u00e9e sur le genre mais ouverte (Article 2 et Pr\u00e9ambule)<\/mark><\/strong><\/h4>\n\n\n\n<blockquote class=\"wp-block-quote is-layout-flow wp-block-quote-is-layout-flow\">\n<p><em>\u00ab La violence domestique affecte les femmes de mani\u00e8re disproportionn\u00e9e, mais les hommes peuvent aussi en \u00eatre victimes. \u00bb<\/em><\/p>\n<\/blockquote>\n\n\n\n<p>M\u00eame si la Convention met l\u2019accent sur les femmes, elle ne nie pas l\u2019existence d\u2019hommes victimes, y compris dans des situations d\u2019ali\u00e9nation. Cela permet d\u2019inclure toutes les victimes, femmes et hommes, dans les m\u00e9canismes de protection.<\/p>\n\n\n\n<h4 class=\"wp-block-heading\"><strong><mark style=\"background-color:rgba(0, 0, 0, 0);color:#ff7ac3\" class=\"has-inline-color\">5. Pr\u00e9vention des st\u00e9r\u00e9otypes et \u00e9ducation (Article 12 et 14)<\/mark><\/strong><\/h4>\n\n\n\n<blockquote class=\"wp-block-quote is-layout-flow wp-block-quote-is-layout-flow\">\n<p><em>\u00ab Eradiquer les pr\u00e9jug\u00e9s et pratiques fond\u00e9es sur l\u2019inf\u00e9riorit\u00e9 ou les r\u00f4les st\u00e9r\u00e9otyp\u00e9s des femmes et des hommes. \u00bb<\/em><\/p>\n<\/blockquote>\n\n\n\n<p>L\u2019ali\u00e9nation parentale repose souvent sur des repr\u00e9sentations fig\u00e9es des r\u00f4les parentaux. Promouvoir l\u2019\u00e9galit\u00e9 parentale et le droit de chaque parent \u00e0 entretenir une relation avec son enfant est une r\u00e9ponse indirecte \u00e0 ce ph\u00e9nom\u00e8ne.<\/p>\n\n\n\n<h4 class=\"wp-block-heading\"><strong><mark style=\"background-color:rgba(0, 0, 0, 0);color:#ff7ac3\" class=\"has-inline-color\">6. Sanctions contre la manipulation ou la d\u00e9sinformation (Articles 33, 34, 42)<\/mark><\/strong><\/h4>\n\n\n\n<blockquote class=\"wp-block-quote is-layout-flow wp-block-quote-is-layout-flow\">\n<p><em>\u00ab\u00a0Interdiction de justifier la violence par des normes sociales ou culturelles\u00a0\u00bb.<\/em><\/p>\n<\/blockquote>\n\n\n\n<p>Certains parents utilisent la culture, les traditions, voire une forme de \u201cjustice personnelle\u201d pour justifier l\u2019exclusion de l\u2019autre parent. Ces justifications sont rejet\u00e9es par la Convention. <\/p>\n\n\n\n<p>Dans ce sens, il est urgent que le Droit des Familles soit dot\u00e9 des moyens d&rsquo;interdiction et de pr\u00e9vention de l&rsquo;ali\u00e9nation parentale. Le Droit P\u00e9nal est un moyen de sanction mais donc quand il est d\u00e9j\u00e0 trop tard. <\/p>\n\n\n\n<h4 class=\"wp-block-heading\"><strong><mark style=\"background-color:rgba(0, 0, 0, 0);color:#ff7ac3\" class=\"has-inline-color\">7. Interdiction de la m\u00e9diation obligatoire (Article 48)<\/mark><\/strong><\/h4>\n\n\n\n<blockquote class=\"wp-block-quote is-layout-flow wp-block-quote-is-layout-flow\">\n<p><em>\u00ab Interdiction des modes alternatifs obligatoires de r\u00e9solution des conflits. \u00bb<\/em><\/p>\n<\/blockquote>\n\n\n\n<p>En cas d\u2019ali\u00e9nation parentale, forcer la m\u00e9diation sans analyse du d\u00e9s\u00e9quilibre r\u00e9el entre les parties peut aggraver la situation. La Convention s\u2019y oppose clairement dans les cas de violence.<\/p>\n\n\n\n<p>C&rsquo;est pour cela que lorsque les premiers signes d&rsquo;ali\u00e9nation parentale sont identifi\u00e9s ( voir la section <a href=\"https:\/\/alienation-parentale.be\/?page_id=29\" title=\"&quot;Identification&quot;\">\u00ab\u00a0Identification\u00a0\u00bb<\/a> )  il est indispensable de faire intervenir un psychologue expert certifi\u00e9 en ali\u00e9nation parentale.  Il doit alors identifier les possibilit\u00e9s ou pas de m\u00e9diation. Il doit aussi identifier si on se trouve dans une situation d&rsquo;\u00e9loignement th\u00e9rapeutique n\u00e9cessaire suite \u00e0 des violences ou d&rsquo;ali\u00e9nation parentale permettant une m\u00e9diation ou pas.   <\/p>\n\n\n\n<h2 class=\"wp-block-heading\"><strong><mark style=\"background-color:rgba(0, 0, 0, 0);color:#ff7ac3\" class=\"has-inline-color\">CODE CIVIL BELGE<\/mark><\/strong><\/h2>\n\n\n\n<p>Le Code Civil Belge contient aussi les lois concernant la Famille .<\/p>\n\n\n\n<h4 class=\"wp-block-heading\"><mark style=\"background-color:rgba(0, 0, 0, 0);color:#ff7ac3\" class=\"has-inline-color\"><strong>Article 371 du Code Civil<\/strong> <strong>: le respect mutuel <\/strong><\/mark><\/h4>\n\n\n\n<blockquote class=\"wp-block-quote is-layout-flow wp-block-quote-is-layout-flow\">\n<p><em>\u00ab\u00a0L&rsquo;enfant et ses p\u00e8re et m\u00e8re se doivent, \u00e0 tout \u00e2ge, mutuellement le respect.\u00a0\u00bb<\/em> <\/p>\n<\/blockquote>\n\n\n\n<p>Cet article est bien souvent n\u00e9glig\u00e9 par toutes les parties en ce y compris par les juges pr\u00e9valant le bien-\u00eatre sup\u00e9rieur de l&rsquo;enfant. La notions de respect n&rsquo;est pas \u00e9voqu\u00e9e et, s&rsquo;il n&rsquo;est pas respect\u00e9, n&rsquo;est pas sanctionn\u00e9.    <\/p>\n\n\n\n<h4 class=\"wp-block-heading\"><strong><mark style=\"background-color:rgba(0, 0, 0, 0);color:#ff7ac3\" class=\"has-inline-color\">Article 374 du Code Civil : obligation d&rsquo;information de l&rsquo;autre parent<\/mark><\/strong><\/h4>\n\n\n\n<blockquote class=\"wp-block-quote is-layout-flow wp-block-quote-is-layout-flow\">\n<p>\u00a0\u00bb   <em>\u00a7 1er.] Lorsque les p\u00e8re et m\u00e8re ne vivent pas ensemble, l&rsquo;exercice de l&rsquo;autorit\u00e9 parentale reste conjoint et la pr\u00e9somption pr\u00e9vue \u00e0 l&rsquo;article 373, alin\u00e9a 2, s&rsquo;applique. En vigueur :14-09-2006&gt;<\/em>\u00ab\u00a0<\/p>\n\n\n\n<p>D\u00e8s qu&rsquo;il y a ali\u00e9nation parentale et rupture du contact entre le parent ali\u00e9n\u00e9 et ses enfants, il est fr\u00e9quent que le parent ali\u00e9nant prenne seul les d\u00e9cisions ou demande une confirmation simple de la d\u00e9cision qu&rsquo;il a prise seul. Il est \u00e9vident que c&rsquo;est une proc\u00e9dure d&rsquo;\u00e9viction de l&rsquo;autorit\u00e9 parentale conjointe contraire \u00e0 l&rsquo;esprit de collaboration qui doit exister lors d&rsquo;une s\u00e9paration responsable et une prise de possession ill\u00e9gale de facto de l&rsquo;autiorit\u00e9 parentale du parent ali\u00e9n\u00e9.<\/p>\n\n\n\n<p>Ce type de comportement est naturellement condamnable mais dans la pratique rarement condamn\u00e9 pour cette simple raison qu&rsquo;aucun dispositif l\u00e9gale ne l&rsquo;autorise.  <\/p>\n\n\n\n<p>Attribuer la domiciliation aux deux domiciles des parents favoriserait de toute \u00e9vidence les prises de d\u00e9cision communes. Ce type de comportement devrait entrer dans la liste des comportements ali\u00e9nants et ayant pour effet un retrait proportionnel et progressif de l&rsquo;h\u00e9bergement et de ses consq\u00e9quences imm\u00e9diates sur la pension alimentaire.   <\/p>\n<\/blockquote>\n\n\n\n<h4 class=\"wp-block-heading\"><strong><mark style=\"background-color:rgba(0, 0, 0, 0);color:#ff7ac3\" class=\"has-inline-color\">Article 387 quater du Code Civil et les astreintes lors d&rsquo;un enl\u00e8vement international<\/mark><\/strong><\/h4>\n\n\n\n<p>Cet article est rarement mis en oeuvre pour cette raison que trop souvent le Juge \u00ab\u00a0\u00e9coute la parole de l&rsquo;enfant\u00a0\u00bb pour son \u00ab\u00a0bien-\u00eatre sup\u00e9rieur\u00a0\u00bb, mais confond \u00e9couter et suivre. Un enfant \u00ab\u00a0ali\u00e9n\u00e9\u00a0\u00bb d\u00e9clarera facilement vouloir rester \u00ab\u00a0de son plein gr\u00e9\u00a0\u00bb chez son p\u00e8re ou chez sa m\u00e8re. <\/p>\n\n\n\n<p>On appelle cela le ph\u00e9nom\u00e8ne du \u00ab\u00a0penseur ind\u00e9pendant\u00a0\u00bb qui est tellement intoxiqu\u00e9 des paroles du parent ali\u00e9nant que son jugement est alt\u00e9r\u00e9 et il est alors persuad\u00e9 avoir d\u00e9cid\u00e9 seul de ne plus vouloir voir son \u00ab\u00a0parent ali\u00e9n\u00e9\u00a0\u00bb. <\/p>\n\n\n\n<p>Ecouter l&rsquo;enfant est donc indispensable pour comprendre ce qui se passe. Mais il faut que l&rsquo;\u00e9coute soit faite par des personnes form\u00e9es \u00e0 la correcte interpr\u00e9tation de ce qu&rsquo;ils disent.<\/p>\n\n\n\n<p>Ce pr\u00e9ambule est important parce qu&rsquo;il explique pourquoi non seulement les astreintes sont peu utilis\u00e9es mais aussi pourquoi elles sont trop souvent inutiles parce qu&rsquo;elles arrivent quand le mal est fait. En effet, les non remises d&rsquo;enfants ne sont que trop souvent remises trop tard au Parquet si pas pas du tout&#8230; Le parent ali\u00e9nant aura alors d\u00e9j\u00e0 eu tout le loisir de compl\u00e8tement \u00ab\u00a0convertir\u00a0\u00bb le cerveau de l&rsquo;enfant qui rejettera compl\u00e8tement son parent ali\u00e9n\u00e9 sans arri\u00e8re-pens\u00e9e et convaincu du bien fond\u00e9 de son \u00ab\u00a0envie\u00a0\u00bb de ne plus jamais le voir.<\/p>\n\n\n\n<p>Voici donc ce que dit le site de droitbelge.be <sup data-fn=\"e3b15792-9557-4538-b6c7-c70d7cf61001\" class=\"fn\"><a id=\"e3b15792-9557-4538-b6c7-c70d7cf61001-link\" href=\"#e3b15792-9557-4538-b6c7-c70d7cf61001\">3<\/a><\/sup><\/p>\n\n\n\n<blockquote class=\"wp-block-quote is-layout-flow wp-block-quote-is-layout-flow\">\n<p>\u00ab\u00a0<em>\u00a7 4. Le pr\u00e9sent article ne porte pas pr\u00e9judice aux dispositions internationales liant la Belgique en mati\u00e8re d\u2019enl\u00e8vement international d\u2019enfants&nbsp;<\/em>\u00a0\u00bb .<\/p>\n<\/blockquote>\n\n\n\n<p>L\u2019article 1412, alin\u00e9a 1er, du code judiciaire est compl\u00e9t\u00e9 comme suit : <\/p>\n\n\n\n<blockquote class=\"wp-block-quote is-layout-flow wp-block-quote-is-layout-flow\">\n<p>\u00ab<em>3\u00b0 lorsque le juge a fait application de l\u2019article 387 ter, alin\u00e9a 2, du Code civil&nbsp;<\/em>\u00bb.<\/p>\n<\/blockquote>\n\n\n\n<p>On le sait, lorsqu\u2019un des parents refuse de respecter une d\u00e9cision de justice relative \u00e0 l\u2019h\u00e9bergement d\u2019un enfant, le parent victime doit s\u2019adresser au juge p\u00e9nal, ce qui implique bien souvent des d\u00e9lais incompatibles avec la situation de fait.<\/p>\n\n\n\n<p>Les auteurs du projet ont donc mis sur pied un syst\u00e8me de reprise forc\u00e9e de l\u2019enfant \u00e0 l\u2019intervention du juge civil.<\/p>\n\n\n\n<p>Sauf si un autre tribunal a dans l\u2019intervalle \u00e9t\u00e9 saisi, le magistrat qui a rendu la d\u00e9cision qui n\u2019est pas respect\u00e9e pourra ainsi reprendre le dossier.<\/p>\n\n\n\n<p>Il pourra modifier les modalit\u00e9s d\u2019h\u00e9bergement mais \u00e9galement autoriser le parent victime \u00e0 proc\u00e9der \u00e0 la contrainte pour exercer son droit d\u2019h\u00e9bergement.<\/p>\n\n\n\n<p>Un huissier pourra ainsi reprendre de force l\u2019enfant, en pr\u00e9sence \u00e9ventuellement de tiers d\u00e9sign\u00e9s par le tribunal.<\/p>\n\n\n\n<p>Il semble \u00e0 cet \u00e9gard que la circulaire du 21 mars 1996 de la Chambre nationale des huissiers de justice qui interdit \u00e0 ceux-ci de reprendre les enfants&nbsp;<em>manu militari&nbsp;<\/em>devra \u00eatre revue.<\/p>\n\n\n\n<p>Cette ex\u00e9cution forc\u00e9e sera \u00e9galement possible pour assurer le respect de conventions pr\u00e9alables \u00e0 consentement mutuel.<\/p>\n\n\n\n<p>Se pose \u00e0 cet \u00e9gard la question de la comp\u00e9tence du Tribunal : s\u2019agit-il du Tribunal de premi\u00e8re instance qui a prononc\u00e9 le divorce ou du tribunal de la jeunesse ?<\/p>\n\n\n\n<p>En cas d\u2019extr\u00eame urgence (par exemple si des soup\u00e7ons existent \u00e0 propos d\u2019un enl\u00e8vement international de l\u2019enfant) le tribunal pourra \u00eatre saisi par requ\u00eate unilat\u00e9rale.<\/p>\n\n\n\n<p>Enfin, le juge peut, \u00e0 tout moment, assortir sa d\u00e9cision d\u2019une astreinte, laquelle pourra, conform\u00e9ment \u00e0 l\u2019article 1412 du code judiciaire, \u00eatre ex\u00e9cut\u00e9e comme une pension alimentaire, c&rsquo;est-\u00e0-dire sans limite de saisissabilit\u00e9.<\/p>\n\n\n\n<h4 class=\"wp-block-heading has-vivid-red-color has-text-color has-link-color wp-elements-024c01af8ae744f2b1b93a49bb1c3dcc\"><mark style=\"background-color:rgba(0, 0, 0, 0);color:#ff7ac3\" class=\"has-inline-color\"><strong>H\u00e9bergement \u00e9galitaire<\/strong> <strong>art 374<\/strong><\/mark><\/h4>\n\n\n\n<blockquote class=\"wp-block-quote is-layout-flow wp-block-quote-is-layout-flow\">\n<p><em><strong>\u00a0\u00bb&nbsp;\u00a7 2. Lorsque les parents ne vivent pas ensemble et qu&rsquo;ils saisissent le tribunal de leur litige, l&rsquo;accord relatif \u00e0 l&rsquo;h\u00e9bergement des enfants est homologu\u00e9 par le tribunal sauf s&rsquo;il est manifestement contraire \u00e0 l&rsquo;int\u00e9r\u00eat de l&rsquo;enfant.\u00a0\u00bb<\/strong><\/em><\/p>\n<\/blockquote>\n\n\n\n<blockquote class=\"wp-block-quote is-layout-flow wp-block-quote-is-layout-flow\">\n<p><em><strong>A d\u00e9faut d&rsquo;accord, en cas d&rsquo;autorit\u00e9 parentale conjointe, le tribunal examine prioritairement, \u00e0 la demande d&rsquo;un des parents au moins, la possibilit\u00e9 de fixer l&rsquo;h\u00e9bergement de l&rsquo;enfant de mani\u00e8re \u00e9galitaire entre ses parents.<\/strong><\/em><\/p>\n<\/blockquote>\n\n\n\n<blockquote class=\"wp-block-quote is-layout-flow wp-block-quote-is-layout-flow\">\n<p><em><strong>Toutefois, si le tribunal estime que l&rsquo;h\u00e9bergement \u00e9galitaire n&rsquo;est pas la formule la plus appropri\u00e9e, il peut d\u00e9cider de fixer un h\u00e9bergement non-\u00e9galitaire.\u00a0\u00bb<\/strong><\/em><\/p>\n<\/blockquote>\n\n\n\n<p>Dans le cas de l&rsquo;ali\u00e9nation parentale, le juge aura tendance \u00e0 appliquer l&rsquo;exception qui lui est accord\u00e9e de ne pas privil\u00e9gier cet h\u00e9bergement \u00e9galitaire puisqu&rsquo;il croira que l&rsquo;enfant est maltrait\u00e9 par le parent \u00e9loign\u00e9. Alors que le bon sens serait pr\u00e9cis\u00e9ment de ne pas favoriser l&rsquo;h\u00e9bergement d\u00e9nigrant&#8230; ! Pire, par pr\u00e9caution, le Juge peut d\u00e9cider du jour au lendemain de confier, sur base des apparences et de la soit-disant urgence d&rsquo;\u00e9loigner l&rsquo;enfant du parent pour quelque raison que ce soit au parent ali\u00e9nant !  Il est temps d&rsquo;objectiver au moyen d&rsquo;exprtises professionnelles ce type de d\u00e9cision. <\/p>\n\n\n\n<p>D&rsquo;autre part, le Juge \u00e9tablit une r\u00e9sidence principale chez un ou l&rsquo;autre parent. C&rsquo;est donner la pr\u00e9f\u00e9rence \u00e0 un parent \u00e0 l&rsquo;inverse du Droit de l&rsquo;enfant \u00e0 l&rsquo;\u00e9ducation de ss deux parents. <\/p>\n\n\n\n<p>Cette notion est d\u00e9pass\u00e9e et consid\u00e8re un parent prioritaire par rapport \u00e0 un autre avec tous les conflits aff\u00e9rents. L&rsquo;enfant a sa r\u00e9sidence de mani\u00e8re \u00e9gale chez ses deux parents. Ces principes doivent changer et accorder la r\u00e9sidence des enfants aux domiciles des deux parents.<\/p>\n\n\n\n<p><\/p>\n\n\n\n<h2 class=\"wp-block-heading\"><strong><mark style=\"background-color:rgba(0, 0, 0, 0);color:#ff7ac3\" class=\"has-inline-color\">CODE PENAL BELGE<\/mark><\/strong><\/h2>\n\n\n\n<h4 class=\"wp-block-heading\"><mark style=\"background-color:rgba(0, 0, 0, 0);color:#ff7ac3\" class=\"has-inline-color\"><strong><b>Non remise d\u2019enfants<\/b> art. 432 \u00a7 1er \u00e0 \u00a7 4<\/strong><\/mark><\/h4>\n\n\n\n<blockquote class=\"wp-block-quote is-layout-flow wp-block-quote-is-layout-flow\">\n<p><em>\u00ab\u00a0Seront punis d&rsquo;un emprisonnement de huit jours \u00e0 un an et d&rsquo;une amende de vingt-six [euros] \u00e0 mille [euros], ou d&rsquo;une de ces peines seulement : le p\u00e8re ou la m\u00e8re qui soustraira ou tentera de soustraire son enfant mineur \u00e0 la proc\u00e9dure intent\u00e9e contre lui en vertu de la l\u00e9gislation relative \u00e0 la protection de la jeunesse ou \u00e0 l&rsquo;aide \u00e0 la jeunesse, qui le soustraira ou tentera de le soustraire \u00e0 la garde des personnes \u00e0 qui l&rsquo;autorit\u00e9 comp\u00e9tente l&rsquo;a confi\u00e9, qui ne le repr\u00e9sentera pas \u00e0 ceux qui ont le droit de le r\u00e9clamer, l&rsquo;enl\u00e8vera ou le fera enlever, m\u00eame de son consentement. Si le coupable a \u00e9t\u00e9 d\u00e9chu de l&rsquo;autorit\u00e9 parentale en tout ou en partie, l&#8217;emprisonnement pourra \u00eatre \u00e9lev\u00e9 jusqu&rsquo;\u00e0 trois ans.<\/em>\u00ab\u00a0<\/p>\n<\/blockquote>\n\n\n\n<blockquote class=\"wp-block-quote is-layout-flow wp-block-quote-is-layout-flow\">\n<p><em>\u00ab\u00a0Si le  coupable cache l&rsquo;enfant mineur pendant plus de cinq jours \u00e0 ceux qui ont le droit de le r\u00e9clamer ou s&rsquo;il retient ind\u00fbment l&rsquo;enfant mineur hors du territoire du Royaume, il sera puni d&rsquo;un emprisonnement d&rsquo;un an \u00e0 cinq ans et d&rsquo;une amende de cinquante [euros] \u00e0 mille [euros], ou d&rsquo;une de ces peines seulement. Si  le coupable a \u00e9t\u00e9 d\u00e9chu de l&rsquo;autorit\u00e9 parentale en tout ou en partie, l&#8217;emprisonnement sera de trois ans au moins.\u00a0\u00bb<\/em><\/p>\n<\/blockquote>\n\n\n\n<blockquote class=\"wp-block-quote is-layout-flow wp-block-quote-is-layout-flow\">\n<p><em>\u00ab\u00a0Dans les cas o\u00f9 il aura \u00e9t\u00e9 statu\u00e9 sur la garde de l&rsquo;enfant mineur soit au cours, soit \u00e0 la suite d&rsquo;une instance en divorce ou en s\u00e9paration de corps, soit dans d&rsquo;autres circonstances pr\u00e9vues par la loi, les peines pr\u00e9vues aux \u00a7\u00a7 1er et 2 seront appliqu\u00e9es au p\u00e8re ou \u00e0 la m\u00e8re qui soustraira ou tentera de soustraire son enfant mineur \u00e0 la garde de ceux \u00e0 qui il aura \u00e9t\u00e9 confi\u00e9 en vertu de la d\u00e9cision, qui ne le repr\u00e9senteront pas \u00e0 ceux qui ont le droit de le r\u00e9clamer, l&rsquo;enl\u00e8vera ou le fera enlever, m\u00eame de son consentement.\u00a0\u00bb<\/em><\/p>\n<\/blockquote>\n\n\n\n<blockquote class=\"wp-block-quote is-layout-flow wp-block-quote-is-layout-flow\">\n<p><em>\u00ab\u00a0Lorsque la garde de l&rsquo;enfant mineur aura fait l&rsquo;objet d&rsquo;un r\u00e8glement transactionnel pr\u00e9alable \u00e0 une proc\u00e9dure par consentement mutuel, les peines pr\u00e9vues aux \u00a7\u00a7 1er et 2 seront appliqu\u00e9es au p\u00e8re ou \u00e0 la m\u00e8re qui, \u00e0 dater de [1 l&rsquo;\u00e9tablissement de la mention de divorce ou de l&rsquo;\u00e9tablissement de l&rsquo;acte de divorce]1, soustraira ou tentera de soustraire son enfant mineur \u00e0 la garde de ceux \u00e0 qui il aura \u00e9t\u00e9 confi\u00e9 en vertu de la d\u00e9cision ou du r\u00e8glement transactionnel, qui ne le e repr\u00e9sentera pas \u00e0 ceux qui ont le droit de le r\u00e9clamer, l&rsquo;enl\u00e8vera ou le fera enlever, m\u00eame de son consentement\u00a0\u00bb<\/em><\/p>\n<\/blockquote>\n\n\n\n<p>Selon Olga Odinetz, en ce qui concerne les non-repr\u00e9sentations d\u2019enfants,<em> \u201cles situations d&rsquo;Ali\u00e9nation Parentale se caract\u00e9risent par le refus r\u00e9it\u00e9r\u00e9 et farouche de voir le parent rejet\u00e9, en d\u00e9pit des d\u00e9cisions judiciaires instituant un droit de visite et d\u2019h\u00e9bergement en faveur de ce dernier. Ce refus se traduit par des non-repr\u00e9sentations d\u2019enfants souvent tr\u00e8s spectaculaires\u201d.<\/em><\/p>\n\n\n\n<p>Cela devient facile alors pour un parent ali\u00e9nant puisque ce parent ali\u00e9n\u00e9 n\u2019est plus pr\u00e9sent pendant un long moment afin de rectifier la v\u00e9rit\u00e9. Lentement mais s\u00fbrement ces non-remises d\u2019enfants, qui sont class\u00e9es sans suite, contribuent au rejet de leur parent ali\u00e9n\u00e9. Le risque encouru est alors que l&rsquo;enfant se construise une nouvelle version de son v\u00e9cu.&nbsp;Il convient donc de r\u00e9agir \u00e0 la premi\u00e8re non remise d&rsquo;enfant afin de rem\u00e9dier \u00e0 la situation. Mais la police et les tribunaux consid\u00e8rent qu&rsquo;il en faut plusieurs de mani\u00e8re r\u00e9p\u00e9t\u00e9e avant de r\u00e9agir au niveau du parquet. En clair, quand il est trop tard.<\/p>\n\n\n\n<p>La non remise d&rsquo;enfant n&rsquo;a pas \u00e9t\u00e9 sanctionn\u00e9e gravement dans notre Droit P\u00e9nal pour rien comme grave.  Elle est pourtant banalis\u00e9e dans la Police et aupr\u00e8s du Parquet qui les classe \u00ab\u00a0verticalement\u00a0\u00bb trop facilement alors <\/p>\n\n\n\n<h4 class=\"wp-block-heading\"><mark style=\"background-color:rgba(0, 0, 0, 0);color:#ff7ac3\" class=\"has-inline-color\"><strong>Abus de situation de faiblesse<\/strong> <strong>article 442 quater \u00a71<\/strong> \u00e0<strong>\u00a7<\/strong>5<\/mark><\/h4>\n\n\n\n<blockquote class=\"wp-block-quote is-layout-flow wp-block-quote-is-layout-flow\">\n<p><br><strong><em>\u201c \u00a7 1er. Quiconque aura, alors qu&rsquo;il connaissait la situation de faiblesse physique ou psychique d&rsquo;une personne, alt\u00e9rant gravement la capacit\u00e9 de discernement de cette personne, frauduleusement abus\u00e9 de cette faiblesse pour conduire cette personne \u00e0 un acte ou \u00e0 une abstention portant gravement atteinte \u00e0 son int\u00e9grit\u00e9 physique ou mentale ou \u00e0 son patrimoine, sera puni d&rsquo;une peine d&rsquo;un mois \u00e0 deux ans d&#8217;emprisonnement et d&rsquo;une amende de cent euros \u00e0 mille euros ou d&rsquo;une de ces peines seulement.<br><\/em><\/strong><\/p>\n\n\n\n<p><strong><em>\u00a7 2. Les peines seront un emprisonnement d&rsquo;un mois \u00e0 quatre ans et une amende de deux cent euros \u00e0 deux mille euros ou une de ces peines seulement dans les cas suivants :<\/em><\/strong><\/p>\n\n\n\n<p><strong><em><br>1\u00b0 si l&rsquo;acte ou l&rsquo;abstention vis\u00e9 au \u00a7 1er r\u00e9sulte d&rsquo;une mise en \u00e9tat de suj\u00e9tion physique ou psychologique par l&rsquo;exercice de pressions graves ou r\u00e9it\u00e9r\u00e9es ou de techniques propres \u00e0 alt\u00e9rer la capacit\u00e9 de discernement;<br>2\u00b0 si l&rsquo;abus vis\u00e9 au \u00a7 1er a \u00e9t\u00e9 commis envers un mineur;<br>3\u00b0 s&rsquo;il est r\u00e9sult\u00e9 de l&rsquo;acte ou de l&rsquo;abstention vis\u00e9 au \u00a7 1er, soit une maladie paraissant incurable, soit une <br>incapacit\u00e9 de travail personnel de plus de quatre mois]2, soit la perte compl\u00e8te de l&rsquo;usage d&rsquo;un organe, soit une mutilation grave;<br>4\u00b0 si l&rsquo;abus vis\u00e9 au \u00a7 1er constitue un acte de participation \u00e0 l&rsquo;activit\u00e9 principale ou accessoire d&rsquo;une association.<br><\/em><\/strong><\/p>\n\n\n\n<p><strong><em>\u00a7 3. La peine sera la r\u00e9clusion de dix ans \u00e0 quinze ans si l&rsquo;acte ou l&rsquo;abstention de la personne a caus\u00e9 sa mort.<br><\/em><\/strong><\/p>\n\n\n\n<p><strong><em>\u00a7 4. Le tribunal peut, en application des \u00a7\u00a7 1er et 2, interdire au condamn\u00e9 tout ou partie des droits \u00e9num\u00e9r\u00e9s \u00e0 l&rsquo;article 31, alin\u00e9a 1er, pour un terme de cinq ans \u00e0 dix ans.<br><\/em><\/strong><\/p>\n\n\n\n<p><strong><em>\u00a7 5. Le tribunal peut ordonner que le jugement ou un r\u00e9sum\u00e9 de celui-ci soit publi\u00e9, aux frais du condamn\u00e9, dans un ou plusieurs quotidiens, ou de quelque autre mani\u00e8re que ce soit.\u201d&nbsp; Cette loi donc vise aussi les mineurs d\u2019\u00e2ge. <\/em>\u00ab\u00a0<\/strong><\/p>\n<\/blockquote>\n\n\n\n<p>Dans son documentaire \u00ab Couple d\u00e9chir\u00e9, enfant otage \u00bb Olivier Pighetti, r\u00e9alisateur et sc\u00e9nariste fran\u00e7ais, explique que l\u2019ali\u00e9nation parentale \u00ab est une forme de soumission inconsciente, similaire \u00e0 ce que l\u2019on retrouve dans les sectes ; l\u2019enfant devient alors un outil de guerre pour d\u00e9truire l\u2019ex-conjoint \u00bb.&nbsp; \u00c9l\u00e9ment approuv\u00e9 par le Dr Bensussan qui commente le documentaire.<\/p>\n\n\n\n<p>Pourquoi parler d\u2019abus de faiblesse ? Selon Marie-France-Hirigoyen :<\/p>\n\n\n\n<blockquote class=\"wp-block-quote is-layout-flow wp-block-quote-is-layout-flow\">\n<p>\u201cl\u2019ali\u00e9nation parentale constitue un abus de faiblesse parce qu\u2019un enfant est par d\u00e9finition vuln\u00e9rable.&nbsp; Le terme <em>abus <\/em>vient du latin <em>abus mauvais<\/em> usage.&nbsp; Il renvoie \u00e0 l\u2019usage excessif ou injuste de quelque chose.&nbsp; Ce terme s\u2019est \u00e9tendu et d\u00e9sormais <em>abus<\/em>\u00e9 c\u2019est aussi tromper en profitant de la confiance de l\u2019autre, en l&rsquo;occurrence d\u2019un enfant. <\/p>\n\n\n\n<p>On glisse d\u2019une situation normale (difficult\u00e9 \u00e0 trouver sa place en tant que parent s\u00e9par\u00e9) vers un comportement pathologique (instrumentalisation d\u2019un enfant l\u2019amenant \u00e0 rejeter l\u2019autre parent).&nbsp; Un parent ali\u00e9nant se sert de la faiblesse de l\u2019enfant pour r\u00e9gler un compte d\u2019adultes et il entra\u00eene l\u2019enfant dans son dysfonctionnement.&nbsp; <\/p>\n\n\n\n<p>Certains intervenants consid\u00e8rent qu\u2019\u00e0 partir de l\u2019\u00e2ge de raison, un enfant est capable discernement et qu\u2019il faut respecter son choix, or dans une situation de conflit parental, un enfant n\u2019a pas de libert\u00e9 int\u00e9rieure car son jugement est fauss\u00e9 par un conflit de loyaut\u00e9.&nbsp; Quand un enfant \u201cd\u00e9cide\u201d de rejeter un parent, il n\u2019a pas tous les \u00e9l\u00e9ments n\u00e9cessaires \u00e0 son choix.&nbsp;Il y a <em>vice de consentement.<\/em>\u201d<\/p>\n<\/blockquote>\n\n\n\n<blockquote class=\"wp-block-quote is-layout-flow wp-block-quote-is-layout-flow\">\n<p>\u201cDans cette situation, l\u2019adulte endoctrine les enfants, se comporte en gourou, en manipulateur.&nbsp; Et les enfants y croient. Effectivement, nous sommes l\u00e0 dans le domaine de la croyance.&nbsp; Leur p\u00e8re est leur Dieu.&nbsp; Ce qu\u2019il dit ne peut qu\u2019\u00eatre vrai.\u201d<\/p>\n<\/blockquote>\n\n\n\n<p>Cette situation d\u2019abus de faiblesse vaut aussi bien pour les enfants mineurs que pour les enfants devenus majeurs, car ces derniers ont \u00e9t\u00e9 endoctrin\u00e9s souvent pendant des ann\u00e9es et sont toujours sont le joug du parent ali\u00e9nant. Si \u00e9tablit une comparaison avec une secte : un adulte y est endoctrin\u00e9, alors qu&rsquo;il est suppos\u00e9 avoir suffisamment de jugement pour pouvoir se forger sa propre opinion. son propre discernement. Que dire alors d&rsquo;un enfant mineur ou majeur, sous le joug d&rsquo;un parent ali\u00e9nant ? Ont-il donc tout le \u00ab\u00a0discernement\u00a0\u00bb n\u00e9cessaire \u00e9voqu\u00e9 par la Convention Internationale des Droits de l&rsquo;Enfant afin de juger de la situation et dire ce qu&rsquo;ils souhaitent ?<\/p>\n\n\n\n<p>Il est \u00e0 noter cependant que ces articles de loi pourtant tr\u00e8s clairs quant \u00e0 l&rsquo;inf\u00e9odation d&rsquo;enfants \u00e0 des attitudes contraires \u00e0 leurs int\u00e9r\u00eats afin d&rsquo;\u00e9carter l&rsquo;autre parent, n&rsquo;est \u00e9trangement jamais appliqu\u00e9 par les Juges ! Il est grand temps que les Juges prennent en consid\u00e9ration cette situation.<\/p>\n\n\n\n<h4 class=\"wp-block-heading\"><strong><mark style=\"background-color:rgba(0, 0, 0, 0);color:#ff7ac3\" class=\"has-inline-color\">Maltraitance mentale art 417 et 417 bis <\/mark><\/strong><\/h4>\n\n\n\n<blockquote class=\"wp-block-quote is-layout-flow wp-block-quote-is-layout-flow\">\n<p><strong><em>1 \u00ab\u00a0Pour l&rsquo;application de la pr\u00e9sente section, l&rsquo;on entend par : 1\u00b0 torture : tout traitement inhumain d\u00e9lib\u00e9r\u00e9 qui provoque une douleur aigu\u00eb ou de tr\u00e8s graves et cruelles souffrances, physiques ou mentales; 2\u00b0 traitement inhumain : tout traitement par lequel de graves souffrances mentales ou physiques sont intentionnellement inflig\u00e9es \u00e0 une personne, notamment dans le but d&rsquo;obtenir d&rsquo;elle des renseignements ou des aveux, de la punir, de faire pression sur elle ou d&rsquo;intimider cette personne ou des tiers; 3\u00b0 traitement d\u00e9gradant : tout traitement qui cause \u00e0 celui qui y est soumis, aux yeux d&rsquo;autrui ou aux siens, une humiliation ou un avilissement graves.\u00a0\u00bb<\/em><\/strong><\/p>\n<\/blockquote>\n\n\n\n<blockquote class=\"wp-block-quote is-layout-flow wp-block-quote-is-layout-flow\">\n<p><strong><em>\/2. \u00ab\u00a0Quiconque soumettra une personne \u00e0 la torture sera puni de la r\u00e9clusion de dix ans \u00e0 quinze ans. L&rsquo;infraction vis\u00e9e \u00e0 l&rsquo;alin\u00e9a premier sera punie de la r\u00e9clusion de quinze ans \u00e0 vingt ans dans les cas suivants : 1\u00b0 lorsqu&rsquo;elle aura \u00e9t\u00e9 commise : a) soit par un officier ou un fonctionnaire public, un d\u00e9positaire ou un agent de la force publique agissant \u00e0 l&rsquo;occasion de l&rsquo;exercice de ses fonctions; b) soit envers une personne [1 dont la situation de vuln\u00e9rabilit\u00e9 en raison de l&rsquo;\u00e2ge, d&rsquo;un \u00e9tat de grossesse, d&rsquo;une maladie, d&rsquo;une infirmit\u00e9 ou d&rsquo;une d\u00e9ficience physique ou mentale ou en raison de sa situation pr\u00e9caire \u00e9tait apparente ou connue de l&rsquo;auteur des faits]1;\u00a0\u00bb<\/em><\/strong><\/p>\n<\/blockquote>\n\n\n\n<p>Deux articles de loi qui pourraient \u00eatre d&rsquo;application mais consid\u00e9r\u00e9s dans le sens des tortures. Apparemment, les Juges ne consid\u00e8rent pas que les maltraitances faite aux enfants sont des tortures. A croire qu&rsquo;on peut donc maltraiter mentalement des enfants quand on est parent.    <\/p>\n\n\n\n<p>Il faut donc en tous cas que l&rsquo;ali\u00e9nation parentale soit condamn\u00e9e par la loi puisque les Juges n consid\u00e8rent pas que cette maltraitance est soumise  par ces articles de loi. <\/p>\n\n\n\n<h4 class=\"wp-block-heading has-vivid-red-color has-text-color has-link-color wp-elements-966a398c0bfbfcaad2dce7b85e06d8c8\"><strong><mark style=\"background-color:rgba(0, 0, 0, 0);color:#ff7ac3\" class=\"has-inline-color\">Maltraitance du parent ali\u00e9n\u00e9 et Loi du 13 juillet 23 sur le contr\u00f4le coercitif<\/mark><\/strong><\/h4>\n\n\n\n<p>Cette loi est d\u2019application au regard des faits et de l\u2019approche de Marie-France Hirigoyen.&nbsp; L\u2019article 4 de la loi sur la pr\u00e9vention et la lutte contre les f\u00e9minicides, les homicides fond\u00e9s sur le genre et les violences parle de :<\/p>\n\n\n\n<blockquote class=\"wp-block-quote is-layout-flow wp-block-quote-is-layout-flow\">\n<ul class=\"wp-block-list\">\n<li><strong><em>\u00ab\u00a0violence intrafamiliale : toute violence physique, sexuelle, psychologique, \u00e9conomique ou li\u00e9e \u00e0 l\u2019honneur qui survient (&#8230;) entre d\u2019anciens partenaires.<\/em><\/strong><\/li>\n\n\n\n<li><strong><em>violence physique : toute violence qui cause un dommage physique, ou qui vient \u00e0 causer un dommage physique, r\u00e9sultant d\u2019un usage ill\u00e9gal de la force, et qui peut prendre la forme d\u2019une agression grave ou l\u00e9g\u00e8re, d\u2019une s\u00e9questration ou encore d\u2019un homicide.&nbsp;&nbsp;<\/em><\/strong><\/li>\n\n\n\n<li><strong><em>violence psychologique : toute violence qui cause un dommage psychique, ou qui vise \u00e0 causer un dommage psychique et qui peut prendre la forme, entre autres, du contr\u00f4le coercitif, de la diffamation, d\u2019insultes verbales et de harc\u00e8lement (&#8230;).&nbsp;&nbsp;<\/em><\/strong><\/li>\n\n\n\n<li><strong><em>contr\u00f4le coercitif : les comportements coercitifs ou de contr\u00f4le, continus ou r\u00e9p\u00e9t\u00e9s, qui causent un dommage physique. &nbsp;<\/em><\/strong><\/li>\n\n\n\n<li><strong><em>comportement coercitif : un acte ou une s\u00e9rie d\u2019actes, d\u2019agression, de menaces, d\u2019humiliation et d\u2019intimidation ou d\u2019autres abus utilis\u00e9s pour blesser, punir ou effrayer la victime.&nbsp;&nbsp;<\/em><\/strong><\/li>\n\n\n\n<li><strong><em>comportement contr\u00f4lant : un ensemble d\u2019actes visant \u00e0 rendre une personne subordonn\u00e9e ou d\u00e9pendante en l\u2019isolant de ses sources de soutien, en exploitant ses ressources et ses capacit\u00e9s \u00e0 des fin personnelles, en la privant des moyens n\u00e9cessaires \u00e0 son ind\u00e9pendance, \u00e0 sa r\u00e9sistance et \u00e0 sa fuite, ou en r\u00e9glementant son comportement quotidien.\u201d&nbsp;<\/em><\/strong><\/li>\n<\/ul>\n<\/blockquote>\n\n\n\n<p>Il faut cependant bien noter que la loi sur le contr\u00f4le coercitif ne peut r\u00e9gler que le probl\u00e8me du parent ( f\u00e9minin ) injustement \u00e9loign\u00e9 et non celui de l&rsquo;enfant ali\u00e9n\u00e9 qui n&rsquo;y est m\u00eame pas mentionn\u00e9. Cette loi est donc incompl\u00e8te pour r\u00e9gler le probl\u00e8me des enfants dans le cadre de l&rsquo;ali\u00e9nation parentale.<\/p>\n\n\n\n<h4 class=\"wp-block-heading\"><mark style=\"background-color:rgba(0, 0, 0, 0);color:#ff7ac3\" class=\"has-inline-color\"><strong>Droit d&rsquo;audition des mineurs,loi du 27 mars 2024<\/strong> <strong>art 96 \u00e0 101<\/strong><\/mark> <sup data-fn=\"54395379-6d18-44c1-898b-7cdea1eeb48b\" class=\"fn\"><a id=\"54395379-6d18-44c1-898b-7cdea1eeb48b-link\" href=\"#54395379-6d18-44c1-898b-7cdea1eeb48b\">4<\/a><\/sup><\/h4>\n\n\n\n<blockquote class=\"wp-block-quote is-layout-flow wp-block-quote-is-layout-flow\">\n<p><strong>\u00ab\u00a0<em>Le mineur peut \u00eatre entendu dans toutes les mati\u00e8res qui le concernent, \u00e0 l\u2019exception des demandes li\u00e9es aux obligations alimentaires et les demandes qui ne concernent pas directement son patrimoine. Le juge doit v\u00e9rifier si le patrimoine du mineur se trouve directement impact\u00e9. Si tel est le cas, le mineur peut \u00eatre entendu.\u00a0\u00bb&nbsp;<\/em>&nbsp;<\/strong><\/p>\n<\/blockquote>\n\n\n\n<p>Le rapport de l&rsquo;entretien est\u202fjoint au dossier de la proc\u00e9dure. Il relate les dires du mineur, hormis les \u00e9l\u00e9ments qualifi\u00e9s de confidentiels par le mineur. Hormis le rapport d&rsquo;entretien, ni le mineur entendu ni son repr\u00e9sentant l\u00e9gal n&rsquo;ont acc\u00e8s au dossier, \u00e0 moins qu&rsquo;ils ne soient parties \u00e0 la proc\u00e9dure.]&nbsp;<\/p>\n\n\n\n<p>Les opinions du mineur sont prises en consid\u00e9ration compte tenu de son \u00e2ge et de son degr\u00e9 de maturit\u00e9, ainsi que de l&rsquo;influence \u00e9ventuelle exerc\u00e9e sur lui. Le juge est tenu d\u2019entendre le mineur m\u00eame s\u2019il soup\u00e7onne que l\u2019enfant a subi l\u2019influence d\u2019une des parties. Le risque d\u2019influence est un des \u00e9l\u00e9ments que le juge doit prendre en compte dans son jugement.&nbsp;<\/p>\n\n\n\n<p>Si ce n&rsquo;est que : un mineur manipul\u00e9 d\u00e9clarera souvent des contre-v\u00e9rit\u00e9s auxquelles il croit tant elles lui ont \u00e9t\u00e9 r\u00e9p\u00e9t\u00e9es, en particulier en cas de non-remises d&rsquo;enfants r\u00e9p\u00e9t\u00e9es et faisant perdurer une situation d&rsquo;ali\u00e9nation. Il est donc indispensable d&rsquo;\u00e9couter l&rsquo;enfant afin de pouvoir mesurer tout son mal-\u00eatre. <\/p>\n\n\n\n<p>A l&rsquo;inverse, il est indispensable de faire d&rsquo;abord valider si on est dans un cas d&rsquo;ali\u00e9nation parentale ou dans un cas d&rsquo;\u00e9loignement parental n\u00e9cessaire avant toute d\u00e9cision qui, en cas d&rsquo;erreur, pourrait \u00eatre fatale \u00e0 l&rsquo;enfant ! La Loi ne pr\u00e9voit rien en la mati\u00e8re et nos Juges s&rsquo;exposent donc \u00e0 de graves erreurs par manque de discernement et par manque de formation.<\/p>\n\n\n\n<h4 class=\"wp-block-heading\"><mark style=\"background-color:rgba(0, 0, 0, 0);color:#ff7ac3\" class=\"has-inline-color\"><strong>Loi sur la preuve du 24\/12\/2020<\/strong> <strong>article 8.5<\/strong><\/mark> <sup data-fn=\"dd5a7fe0-2010-4b10-b97d-75aec241882b\" class=\"fn\"><a id=\"dd5a7fe0-2010-4b10-b97d-75aec241882b-link\" href=\"#dd5a7fe0-2010-4b10-b97d-75aec241882b\">5<\/a><\/sup><\/h4>\n\n\n\n<blockquote class=\"wp-block-quote is-layout-flow wp-block-quote-is-layout-flow\">\n<p><em><strong>\u00ab&nbsp;Hormis les cas o\u00f9 la loi en dispose autrement, la preuve doit \u00eatre rapport\u00e9e avec un degr\u00e9 raisonnable de certitude&nbsp;\u00bb<\/strong><\/em><\/p>\n<\/blockquote>\n\n\n\n<blockquote class=\"wp-block-quote is-layout-flow wp-block-quote-is-layout-flow\">\n<p><em><strong>\u00ab&nbsp;Sans pr\u00e9judice de l\u2019obligation de toutes les parties de collaborer \u00e0 l\u2019administration de la preuve, celui qui supporte la charge de la preuve&nbsp;d\u2019un fait n\u00e9gatif&nbsp;peut se contenter d\u2019\u00e9tablir&nbsp;la vraisemblance de ce fait.\u00a0\u00bb<\/strong><\/em><\/p>\n<\/blockquote>\n\n\n\n<blockquote class=\"wp-block-quote is-layout-flow wp-block-quote-is-layout-flow\">\n<p>\u00ab\u00a0<em><strong>La m\u00eame r\u00e8gle vaut pour les&nbsp;faits positifs&nbsp;dont, par la nature m\u00eame du fait \u00e0 prouver, il n\u2019est&nbsp;pas possible ou pas raisonnable&nbsp;d\u2019exiger une preuve certaine.<\/strong><\/em>\u00ab\u00a0<\/p>\n<\/blockquote>\n\n\n\n<p>Ces nouvelles dispositions pr\u00e9voient donc que la preuve doit \u00eatre apport\u00e9e non pas avec une certitude absolue mais qu\u2019un degr\u00e9 raisonnable de certitude suffit. <\/p>\n\n\n\n<p>Dans le cas de l&rsquo;ali\u00e9nation parentale, le parent ali\u00e9nant aura tendance de mani\u00e8re consciente ou pas \u00e0 pr\u00e9senter les faits selon sa v\u00e9rit\u00e9. Trop Souvent les Juges s&rsquo;arr\u00eatent aux d\u00e9claratifs l\u00e0 o\u00f9 ds experts peuvent \u00e9tablir des faits. Il est donc indispensable que cette utilisation de \u00ab\u00a0preuves d\u00e9claratives\u00a0\u00bb soit soumise \u00e0 la sagacit\u00e9 des experts en ali\u00e9nation parentale.<\/p>\n\n\n\n<h2 class=\"wp-block-heading\"><strong><mark style=\"background-color:rgba(0, 0, 0, 0);color:#ff7ac3\" class=\"has-inline-color\">MISE EN GARDE<\/mark><\/strong><\/h2>\n\n\n\n<p>Les tribunaux p\u00e9naux et familiaux fonctionnent tr\u00e8s diff\u00e9remment. Le p\u00e9nal est dramatiquement lent en Belgique avec pour effet que vous n&rsquo;aurez un jugement d\u00e9finitif que dix ou quinze ans apr\u00e8s. Une fois que les d\u00e9g\u00e2ts seront av\u00e9r\u00e9s et qu&rsquo;il sera trop tard. <\/p>\n\n\n\n<p>Les tribunaux familiaux sont plus rapides mais ils acceptent qu&rsquo;une expertise psychologique puisse prendre un an et que suite \u00e0 cela vous soyez devant le juge un an et demi apr\u00e8s. <\/p>\n\n\n\n<p>M\u00eame ces d\u00e9lais \u00ab\u00a0plus courts\u00a0\u00bb sont particuli\u00e8rement peu adapt\u00e9s aux manifestations d&rsquo;ali\u00e9nation parentale qui peuvent fr\u00e9quemment retourner les enfants en quelques semaines ! Reste alors la proc\u00e9dure de saisine qui permet en un mois de r\u00e9gler un probl\u00e8me urgent, sauf que les probl\u00e8mes d&rsquo;ali\u00e9nation parentale ne sont pas reconnus par la loi et ne seront donc pas trait\u00e9s prioritairement &#8230;<\/p>\n\n\n\n<p>Il vaut donc mieux un mauvais accord qu&rsquo;un bon proc\u00e8s comme \u00e0 l&rsquo;accoutum\u00e9e ! Dans ce sens, le <a data-type=\"page\" data-id=\"426\" href=\"https:\/\/alienation-parentale.be\/?page_id=426\">Mod\u00e8le Cochem<\/a> donne un peu d&rsquo;espoir en mati\u00e8re de solution pr\u00e9ventive aux situations d&rsquo;ali\u00e9nation parentale. dans tous les cas, sauf avec une personne manipulatrice (ce qui est souvent le cas dans l&rsquo;ali\u00e9nation parentale) , il y a moyen dans toutes les chambres familiales de <a data-type=\"link\" data-id=\"https:\/\/www.bornin.brussels\/questions\/comment-introduire-une-demande-devant-la-chambre-de-reglement-amiable-cra\/\" href=\"https:\/\/www.bornin.brussels\/questions\/comment-introduire-une-demande-devant-la-chambre-de-reglement-amiable-cra\/\">demander une proc\u00e9dure de m\u00e9diation<\/a>, toujours pr\u00e9f\u00e9rable entre gens de bonne foi.<\/p>\n\n\n\n<p>Par ailleurs, il convient de retenir que dans le cadre de l&rsquo;ali\u00e9nation parentale, il n&rsquo;y a aucune loi condamnant les comportements y amenant. Seul le juge, non qualifi\u00e9 en la mati\u00e8re, peut estimer qu&rsquo;il y a manipulation psychologique sur mineur en s&rsquo;appuyant sur un rapport d&rsquo;un expert psychologue ( et bien souvent ceux-ci sont incapables de l&rsquo;identifier) Mais en tous cas la loi ne condamne pas cette manipulation en tant que tel sauf si un juge reconnaissait un jour au p\u00e9nal que cette manipulation \u00e9tait un abus de faiblesse.<\/p>\n\n\n\n<p>D&rsquo;autre part, il faut aussi retenir que les conflits parentaux sont d&rsquo;abord trait\u00e9s par le tribunal de la famille et ensuite, en cas d&rsquo;impossibilit\u00e9 d&rsquo;avoir une co-parentalit\u00e9 des enfants harmonieuse, par le tribunal de la jeunesse. Ce tribunal de la jeunesse, \u00e0 l&rsquo;inverse de celui de la famille, se substitue aux parents afin de prot\u00e9ger les enfants de leurs conflits.<\/p>\n\n\n\n<p>Il faut donc rester conscient \u00e0 l&rsquo;heure actuelle que les tribunaux sont extr\u00eamement concentr\u00e9es sur le \u00ab\u00a0bien-\u00eatre sup\u00e9rieur des enfants\u00a0\u00bb comme exprim\u00e9 dans la <a href=\"https:\/\/www.unicef.fr\/convention-droits-enfants\/\" data-type=\"link\" data-id=\"https:\/\/www.unicef.fr\/convention-droits-enfants\/\">Convention Internationale des Droits de l&rsquo;Enfant<\/a>.<\/p>\n\n\n\n<p>A l&rsquo;inverse les tribunaux ne sont souvent pas du tout form\u00e9s, pas plus d&rsquo;ailleurs que les psychologues \u00ab\u00a0experts\u00a0\u00bb auxquels ils font appel, pour \u00e9valuer l&rsquo;authenticit\u00e9 de la parole tant des enfants ali\u00e9n\u00e9s que celle des parents ali\u00e9nants. Il arrive donc fr\u00e9quemment que les juges confient les enfants manipul\u00e9s \u00e0 leurs manipulateurs !<\/p>\n\n\n\n<p>Aucune sanction donc ne peut \u00eatre prise par un juge familial en cas de manipulation par un parent ou un responsable d&rsquo;enfant avec pour effet d&rsquo;ali\u00e9nation parentale. Tout au plus, en cas de r\u00e9cidive, il peut infliger une astreinte s&rsquo;il l&rsquo;estime n\u00e9cessaire. Mais seulement donc quand le mal est d\u00e9j\u00e0 fait.<\/p>\n\n\n\n<p>Manipuler un enfant devient donc, pour certains parents abjects et sans morale, une arme redoutable de nuisance \u00e0 l&rsquo;autre parent \u00e0 diverses fins, comme lui faire mal, se venger, obtenir une garde exclusive avec pension alimentaire, faire mal &#8230; Mais avec pour effet la destruction sociale, mentale, financi\u00e8re et professionnelle \u00e0 petit feu de leur ancien partenaire. Mais surtout, ce qui est largement n\u00e9glig\u00e9 par les tribunaux aujourd&rsquo;hui par manque de loi et de moyens, la destruction de leurs propres enfants !<\/p>\n\n\n\n<p>Cela est d&rsquo;autant plus vrai que les tribunaux de la famille ne se pr\u00e9occupent pas trop de savoir si les preuves apport\u00e9es sont vraies ou pas et ce malgr\u00e9 la nouvelle loi sur la preuve qui est claire quant au fait qu&rsquo;on ne peut pas accuser sans preuves&#8230; sauf au tribunal de la famille ?<\/p>\n\n\n\n<p>Commen\u00e7ons par le d\u00e9but, pas le plus agr\u00e9able : les huissiers de justice. Ils sont pr\u00e9vus par la loi et sont les porteurs des actes l\u00e9gaux. A retenir d\u00e9j\u00e0 donc : si un huissier n&rsquo;est pas mandat\u00e9 suite \u00e0 un jugement, il n&rsquo;a aucun droit de vous r\u00e9clamer de l&rsquo;argent. <\/p>\n\n\n\n<h2 class=\"wp-block-heading\"><mark style=\"background-color:rgba(0, 0, 0, 0);color:#ff7ac3\" class=\"has-inline-color\"><strong>LES HUISSIERS ET LES SAISIES<\/strong> <\/mark><\/h2>\n\n\n\n<h4 class=\"wp-block-heading\"><mark style=\"background-color:rgba(0, 0, 0, 0);color:#ff7ac3\" class=\"has-inline-color\">Principes<\/mark><\/h4>\n\n\n\n<p>Ses tarifs sont officiellement \u00e9tablis et vous pouvez les v\u00e9rifier ici : <a data-type=\"link\" data-id=\"https:\/\/www.huissiersdejustice.be\/tarif-checker\" href=\"https:\/\/www.huissiersdejustice.be\/tarif-checker\">CNHJ &#8211; tarif checker<\/a><\/p>\n\n\n\n<p>Par ailleurs, le premier principe est que si un parent ne paie pas la pension alimentaire, le parent cr\u00e9ancier se doit d&rsquo;appliquer ce qu&rsquo;on appelle la d\u00e9l\u00e9gation de sommes avant de faire une saisie par huissier qui est couteuse pour l&rsquo;autre parent. La d\u00e9l\u00e9gation de sommes, r\u00e9gie par l&rsquo;article 203ter du Code civil, permet \u00e0 un cr\u00e9ancier d&rsquo;une pension alimentaire, avec l&rsquo;autorisation du juge, de percevoir directement les sommes dues par le d\u00e9biteur, aupr\u00e8s de tiers qui lui sont redevables (par exemple, l&#8217;employeur).&nbsp;C&rsquo;est une mesure d&rsquo;ex\u00e9cution sp\u00e9cifique pour les cr\u00e9ances alimentaires, qui vise \u00e0 assurer le recouvrement des pensions impay\u00e9es.&nbsp;<\/p>\n\n\n\n<p>Il n&rsquo;est pas inutile non plus de rappeler que dans certains cas d&rsquo;ali\u00e9nation parentale, une des motivations est de pouvoir obtenir de l&rsquo;autre parent une pension alimentaire. Le calcul est la plupart du temps bas\u00e9 sur la m\u00e9thode Renard et le cabinet Legalex de Namur met \u00e0 disposition un tableur facile \u00e0 remplir qui donne le montant que l&rsquo;un ou l&rsquo;autre parent doit payer. Vous trouverez ce tableur ici : <a href=\"https:\/\/www.avocats-legalex-namur.be\/calculs\/calcul-montant-pension-alimentaire-methode-renard.htm\">https:\/\/www.avocats-legalex-namur.be\/calculs\/calcul-montant-pension-alimentaire-methode-renard.htm<\/a>. De la m\u00eame mani\u00e8re vous pourrez v\u00e9rifier l&rsquo;exactitude de ce que vous devez en utilisant le calcul de son indexation ici : <a href=\"https:\/\/www.droitdelafamille.be\/fr-be\/Droit-de-la-famille\/Divorce-mariage-et-cohabitation\/Indexation-pension-alimentaire\">https:\/\/www.droitdelafamille.be\/fr-be\/Droit-de-la-famille\/Divorce-mariage-et-cohabitation\/Indexation-pension-alimentaire<\/a>.<\/p>\n\n\n\n<h4 class=\"wp-block-heading\"><strong><mark style=\"background-color:rgba(0, 0, 0, 0);color:#ff7ac3\" class=\"has-inline-color\">Peut-on saisir tous mes revenus ?<\/mark><\/strong><mark style=\"background-color:rgba(0, 0, 0, 0)\" class=\"has-inline-color has-vivid-red-color\"><strong> <sup data-fn=\"85cf308b-5784-4439-a7cd-7a2895a54acb\" class=\"fn\"><a id=\"85cf308b-5784-4439-a7cd-7a2895a54acb-link\" href=\"#85cf308b-5784-4439-a7cd-7a2895a54acb\">6<\/a><\/sup><\/strong><\/mark><\/h4>\n\n\n\n<h5 class=\"wp-block-heading\"><strong>Non, certains de vos revenus sont prot\u00e9g\u00e9s et ne peuvent pas \u00eatre saisis. C&rsquo;est ce qu&rsquo;on appelle les&nbsp;revenus insaisissables.<\/strong><\/h5>\n\n\n\n<p>Ce sont notamment :<\/p>\n\n\n\n<ul class=\"wp-block-list\">\n<li>les allocations familiales ;<\/li>\n\n\n\n<li>le revenu d&rsquo;int\u00e9gration (RIS) ;<\/li>\n\n\n\n<li>l&rsquo;aide sociale financi\u00e8re du CPAS ;<\/li>\n\n\n\n<li>les allocations pour personnes handicap\u00e9es ;<\/li>\n\n\n\n<li>la Grapa (garantie de revenus aux personnes \u00e2g\u00e9es) ;<\/li>\n\n\n\n<li>les remboursements de d\u00e9penses de sant\u00e9 par la mutuelle, par l&rsquo;assureur accidents du travail ou par le fonds des maladies professionnelles ;<\/li>\n\n\n\n<li>les indemnit\u00e9s re\u00e7ues par l&rsquo;assurance dans le cadre d&rsquo;un accident de travail et qui financent l&rsquo;aide d&rsquo;une tierce personne \u00e0 la victime de l&rsquo;accident de travail ;<\/li>\n\n\n\n<li>les pensions d&rsquo;orphelins.<br>&nbsp;<\/li>\n<\/ul>\n\n\n\n<p>L&rsquo;huissier de justice peut saisir vos autres revenus mais&nbsp;pas dans leur enti\u00e8ret\u00e9&nbsp;:&nbsp;il doit vous laisser un&nbsp;montant minimum&nbsp;de revenus (seuils d&rsquo;insaisissabilit\u00e9).&nbsp;Il ne peut pas saisir les revenus qui sont&nbsp;en-dessous de ce montant minimum. Pour conna\u00eetre les montants insaisissables, voyez la fiche \u00ab\u00a0<a href=\"https:\/\/www.droitsquotidiens.be\/fr\/question\/quel-montant-peut-saisir-sur-mes-revenus\" target=\"_blank\" rel=\"noreferrer noopener\">Quel montant peut-on saisir sur mes revenus ?<\/a>\u00ab\u00a0.<\/p>\n\n\n\n<h4 class=\"wp-block-heading\"><strong><mark style=\"background-color:rgba(0, 0, 0, 0);color:#ff7ac3\" class=\"has-inline-color\">Attention<\/mark><\/strong><\/h4>\n\n\n\n<p><strong>Si la saisie concerne une&nbsp;pension alimentaire&nbsp;ou une&nbsp;contribution alimentaire&nbsp;que vous n&rsquo;avez pas pay\u00e9e, l&rsquo;huissier de justice peut saisir :<\/strong><\/p>\n\n\n\n<ul class=\"wp-block-list\">\n<li><strong>tous vos revenus<\/strong>&nbsp;;<\/li>\n\n\n\n<li><strong>sans aucune limite<\/strong>, sans tenir compte des seuils d&rsquo;insaisissabilit\u00e9.&nbsp;<\/li>\n<\/ul>\n\n\n\n<p>Pour plus d&rsquo;informations, voyez la fiche \u00ab\u00a0<a href=\"https:\/\/www.droitsquotidiens.be\/fr\/question\/peut-saisir-tous-mes-revenus-si-je-ne-paie-pas-ma-contribution-alimentaire\" target=\"_blank\" rel=\"noreferrer noopener\">Peut-on saisir tous mes revenus si je ne paie pas ma contribution alimentaire ?<\/a>\u00ab\u00a0.&nbsp;<\/p>\n\n\n\n<h2 class=\"wp-block-heading\"><strong><mark style=\"background-color:rgba(0, 0, 0, 0);color:#ff7ac3\" class=\"has-inline-color\">CONCLUSIONS<\/mark><\/strong><\/h2>\n\n\n\n<p>Pour cl\u00f4turer le contexte l\u00e9gal \u00e0 l&rsquo;ali\u00e9nation parentale en Belgique, on peut constater que les Juges familiaux sont bien mal \u00e9quip\u00e9s pour juger d&rsquo;affaires familiales o\u00f9 le droit se trouve face \u00e0 la manipulation, volontaire ou pas. Il est indispensable que chacun des Juges et le personnel judiciaire soient form\u00e9s d&rsquo;une part \u00e0 ce pan de la psychologie mais aussi appuy\u00e9 dans ses d\u00e9cisions judiciaires par des experts en psychologie form\u00e9s sp\u00e9cialement \u00e0 la d\u00e9tection d&rsquo;ali\u00e9nation parentale et l&rsquo;\u00e9loignement parental ( \u00e0 bien distinguer ! ).<\/p>\n\n\n\n<p>Les lois par ailleurs ne condamnent pas les comportements ali\u00e9nants, une forme de maltraitance psychologique aupr\u00e8s des enfants.  Et ceci en contradiction avec 21 articles des Conventions Internationales que nous avons sign\u00e9es. <\/p>\n\n\n\n<p>C&rsquo;est pourquoi vous trouverez dans la page <a href=\"https:\/\/alienation-parentale.be\/?page_id=596\">nos revendications <\/a>les solutions que nous pr\u00e9conisions pour stopper ce fl\u00e9au <a href=\"https:\/\/alienation-parentale.be\/?page_id=536\">qui touche aujourd&rsquo;hui 572.000 personnes en Belgique <\/a>par ignorance et n\u00e9gligence des r\u00e9alit\u00e9s de s\u00e9parations familiales conflictuelles.<\/p>\n\n\n<ol class=\"wp-block-footnotes\"><li id=\"7a1bdadb-3315-47ff-9a80-56ba3034fa78\"><a href=\"https:\/\/www.unicef.fr\/convention-droits-enfants\/\">https:\/\/www.unicef.fr\/convention-droits-enfants\/<\/a> <a href=\"#7a1bdadb-3315-47ff-9a80-56ba3034fa78-link\" aria-label=\"Aller \u00e0 la note de bas de page 1\">\u21a9\ufe0e<\/a><\/li><li id=\"f6357d05-7eaf-4b16-ba8b-123c67a7d7f2\"><a href=\"https:\/\/www.un.org\/fr\/universal-declaration-human-rights\/\">https:\/\/www.un.org\/fr\/universal-declaration-human-rights\/<\/a> <a href=\"#f6357d05-7eaf-4b16-ba8b-123c67a7d7f2-link\" aria-label=\"Aller \u00e0 la note de bas de page 2\">\u21a9\ufe0e<\/a><\/li><li id=\"e3b15792-9557-4538-b6c7-c70d7cf61001\"><a href=\"https:\/\/www.droitbelge.be\/news_detail.asp?id=321\" data-type=\"link\" data-id=\"https:\/\/www.droitbelge.be\/news_detail.asp?id=321\">droit belge.be<\/a>  <a href=\"#e3b15792-9557-4538-b6c7-c70d7cf61001-link\" aria-label=\"Aller \u00e0 la note de bas de page 3\">\u21a9\ufe0e<\/a><\/li><li id=\"54395379-6d18-44c1-898b-7cdea1eeb48b\"><a href=\"https:\/\/etaamb.openjustice.be\/fr\/loi-du-27-mars-2024_n2024002950\">https:\/\/etaamb.openjustice.be\/fr\/loi-du-27-mars-2024_n2024002950<\/a> <a href=\"#54395379-6d18-44c1-898b-7cdea1eeb48b-link\" aria-label=\"Aller \u00e0 la note de bas de page 4\">\u21a9\ufe0e<\/a><\/li><li id=\"dd5a7fe0-2010-4b10-b97d-75aec241882b\"><a href=\"https:\/\/www.jubel.be\/fr\/nouveau-droit-de-la-preuve\/\" data-type=\"link\" data-id=\"https:\/\/www.jubel.be\/fr\/nouveau-droit-de-la-preuve\/\">Pauline Van Horenbeke sur Jubel<\/a>  <a href=\"#dd5a7fe0-2010-4b10-b97d-75aec241882b-link\" aria-label=\"Aller \u00e0 la note de bas de page 5\">\u21a9\ufe0e<\/a><\/li><li id=\"85cf308b-5784-4439-a7cd-7a2895a54acb\"><a href=\"https:\/\/www.droitsquotidiens.be\/fr\/question\/peut-saisir-tous-mes-revenus\" data-type=\"link\" data-id=\"https:\/\/www.droitsquotidiens.be\/fr\/question\/peut-saisir-tous-mes-revenus\">Droits quotidiens<\/a> <a href=\"#85cf308b-5784-4439-a7cd-7a2895a54acb-link\" aria-label=\"Aller \u00e0 la note de bas de page 6\">\u21a9\ufe0e<\/a><\/li><\/ol>\n\n\n<p><\/p>\n","protected":false},"excerpt":{"rendered":"<p>INTRODUCTION Cette page n&rsquo;a de loin pas la pr\u00e9tention de donner tous les articles de loi dans les diff\u00e9rents codes qui interviennent dans un jugement familial o\u00f9 l&rsquo;ali\u00e9nation parentale est pr\u00e9sente. Par contre, il nous semble indispensable de faire l&rsquo;inventaire des manquements l\u00e9gaux menant \u00e0 l&rsquo;autorisation implicite de la Loi \u00e0 pratiquer l&rsquo;ali\u00e9nation parentale. Voici donc, ci-apr\u00e8s, le contexte&#46;&#46;&#46;<\/p>\n","protected":false},"author":2,"featured_media":0,"parent":0,"menu_order":0,"comment_status":"closed","ping_status":"closed","template":"","meta":{"_monsterinsights_skip_tracking":false,"_monsterinsights_sitenote_active":false,"_monsterinsights_sitenote_note":"","_monsterinsights_sitenote_category":0,"footnotes":"[{\"content\":\"<a href=\\\"https:\/\/www.unicef.fr\/convention-droits-enfants\/\\\">https:\/\/www.unicef.fr\/convention-droits-enfants\/<\/a>\",\"id\":\"7a1bdadb-3315-47ff-9a80-56ba3034fa78\"},{\"content\":\"<a href=\\\"https:\/\/www.un.org\/fr\/universal-declaration-human-rights\/\\\">https:\/\/www.un.org\/fr\/universal-declaration-human-rights\/<\/a>\",\"id\":\"f6357d05-7eaf-4b16-ba8b-123c67a7d7f2\"},{\"content\":\"<a href=\\\"https:\/\/www.droitbelge.be\/news_detail.asp?id=321\\\" data-type=\\\"link\\\" data-id=\\\"https:\/\/www.droitbelge.be\/news_detail.asp?id=321\\\">droit belge.be<\/a> \",\"id\":\"e3b15792-9557-4538-b6c7-c70d7cf61001\"},{\"content\":\"<a href=\\\"https:\/\/etaamb.openjustice.be\/fr\/loi-du-27-mars-2024_n2024002950\\\">https:\/\/etaamb.openjustice.be\/fr\/loi-du-27-mars-2024_n2024002950<\/a>\",\"id\":\"54395379-6d18-44c1-898b-7cdea1eeb48b\"},{\"content\":\"<a href=\\\"https:\/\/www.jubel.be\/fr\/nouveau-droit-de-la-preuve\/\\\" data-type=\\\"link\\\" data-id=\\\"https:\/\/www.jubel.be\/fr\/nouveau-droit-de-la-preuve\/\\\">Pauline Van Horenbeke sur Jubel<\/a> \",\"id\":\"dd5a7fe0-2010-4b10-b97d-75aec241882b\"},{\"content\":\"<a href=\\\"https:\/\/www.droitsquotidiens.be\/fr\/question\/peut-saisir-tous-mes-revenus\\\" data-type=\\\"link\\\" data-id=\\\"https:\/\/www.droitsquotidiens.be\/fr\/question\/peut-saisir-tous-mes-revenus\\\">Droits quotidiens<\/a>\",\"id\":\"85cf308b-5784-4439-a7cd-7a2895a54acb\"}]"},"class_list":["post-203","page","type-page","status-publish","hentry"],"jetpack_sharing_enabled":true,"_links":{"self":[{"href":"https:\/\/alienation-parentale.be\/index.php?rest_route=\/wp\/v2\/pages\/203","targetHints":{"allow":["GET"]}}],"collection":[{"href":"https:\/\/alienation-parentale.be\/index.php?rest_route=\/wp\/v2\/pages"}],"about":[{"href":"https:\/\/alienation-parentale.be\/index.php?rest_route=\/wp\/v2\/types\/page"}],"author":[{"embeddable":true,"href":"https:\/\/alienation-parentale.be\/index.php?rest_route=\/wp\/v2\/users\/2"}],"replies":[{"embeddable":true,"href":"https:\/\/alienation-parentale.be\/index.php?rest_route=%2Fwp%2Fv2%2Fcomments&post=203"}],"version-history":[{"count":118,"href":"https:\/\/alienation-parentale.be\/index.php?rest_route=\/wp\/v2\/pages\/203\/revisions"}],"predecessor-version":[{"id":1118,"href":"https:\/\/alienation-parentale.be\/index.php?rest_route=\/wp\/v2\/pages\/203\/revisions\/1118"}],"wp:attachment":[{"href":"https:\/\/alienation-parentale.be\/index.php?rest_route=%2Fwp%2Fv2%2Fmedia&parent=203"}],"curies":[{"name":"wp","href":"https:\/\/api.w.org\/{rel}","templated":true}]}}