{"id":358,"date":"2024-09-30T20:18:34","date_gmt":"2024-09-30T18:18:34","guid":{"rendered":"https:\/\/alienation-parentale.be\/?page_id=358"},"modified":"2026-04-25T10:12:14","modified_gmt":"2026-04-25T08:12:14","slug":"napabel-non-a-lalienation-parentale-belgique","status":"publish","type":"page","link":"https:\/\/alienation-parentale.be\/?page_id=358","title":{"rendered":"NAPABEL &#8211; Non \u00e0 l&rsquo;Ali\u00e9nation PArentale BELgique"},"content":{"rendered":"\n<h2 class=\"wp-block-heading\"><strong><mark style=\"background-color:rgba(0, 0, 0, 0);color:#ff7ac3\" class=\"has-inline-color\">Qui sommes-nous&nbsp;?<\/mark><\/strong><\/h2>\n\n\n\n<p>Napabel &#8211; Non \u00e0 l&rsquo;Ali\u00e9nation Parentale Belgique , est une association de victimes souffrant d\u2019ali\u00e9nation parentale et leurs sympathisants. Nous avons la volont\u00e9 d\u2019\u00e9radiquer les comportements d\u00e9viants des parents ali\u00e9nants. Et donc, nous pensons qu&rsquo;il faut les emp\u00eacher de nuire et sinon les condamner juridiquement d\u00e8s la premi\u00e8re atteinte \u00e0 l\u2019int\u00e9grit\u00e9 affective de leur(s) enfant(s) ou de leur ancien conjoint(e) sans raison valable. Nous pr\u00f4nons la pr\u00e9vention de ces comportements. Il est indispensable d\u2019\u00e9viter davantage de d\u00e9g\u00e2ts psychologiques aux enfants et aux parents lors de s\u00e9parations conflictuelles. <a href=\"https:\/\/alienation-parentale.be\/?page_id=1378\" data-type=\"link\" data-id=\"https:\/\/alienation-parentale.be\/?page_id=1378\">Communiqu\u00e9 de presse de formation de l&rsquo;ASBL.<\/a><\/p>\n\n\n\n<h2 class=\"wp-block-heading\"><strong><mark style=\"background-color:rgba(0, 0, 0, 0);color:#ff7ac3\" class=\"has-inline-color\">Qui est touch\u00e9 par l&rsquo;ali\u00e9nation parentale en Belgique ?<\/mark><\/strong><\/h2>\n\n\n\n<p>Il n&rsquo;existe pas de statistiques sp\u00e9cifiques \u00e0 ce sujet : l&rsquo;Etat Belge ne reconna\u00eet pas l&rsquo;ali\u00e9nation parentale dans ses lois. Pourtant nous estimons que le ph\u00e9nom\u00e8ne touche <a href=\"https:\/\/alienation-parentale.be\/?page_id=536\">572.778 personnes<\/a>, soit 4.90% de la population ou une personne sur 20. Par contre ce ph\u00e9nom\u00e8ne est souvent tu, bien s\u00fbr par ses auteurs mais aussi par leurs victimes. La raison en est que les auteurs soit ne sont pas conscients du ph\u00e9nom\u00e8ne. Ou alors, ils sont convaincus que leur comportement est correct. Pour ce qui concerne les victimes, elles se taisent soit par honte, soit par \u00e9puisement, <\/p>\n\n\n\n<h2 class=\"wp-block-heading\"><strong><mark style=\"background-color:rgba(0, 0, 0, 0);color:#ff7ac3\" class=\"has-inline-color\">Vision<\/mark><\/strong><\/h2>\n\n\n\n<p>Nous voyons la n\u00e9cessit\u00e9 d\u2019\u00e9viter des victimes suppl\u00e9mentaires d\u2019ali\u00e9nation parentale par la cr\u00e9ation de lois condamnant les comportements y menant. Il faut pour cela obliger la formation des acteurs judiciaires et en pr\u00e9venir de la sorte ces comportements.<\/p>\n\n\n\n<p>Nous agissons ensemble avec les victimes et les associations concern\u00e9es par ce probl\u00e8me.<\/p>\n\n\n\n<h2 class=\"wp-block-heading\"><strong><mark style=\"background-color:rgba(0, 0, 0, 0);color:#ff7ac3\" class=\"has-inline-color\">Objectifs<\/mark><\/strong><\/h2>\n\n\n\n<ul class=\"wp-block-list\">\n<li>Cr\u00e9ation d\u2019une loi condamnant les comportements menant \u00e0 l\u2019ali\u00e9nation parentale.  Cependant il faut privil\u00e9gier l\u2019\u00e9loignement parental quand n\u00e9cessaire (abus sexuel, violence psychologique, violence physique etc\u2026). Le principe fondamental doit \u00eatre de pr\u00e9venir les comportements menant \u00e0 l\u2019ali\u00e9nation parentale. On prot\u00e9gera ainsi les enfants de comportements d\u00e9l\u00e9t\u00e8res.<\/li>\n\n\n\n<li>Modifier les exigences de formation des intervenants judiciaires&nbsp;: psychologues, assistants sociaux, Procureurs et Juges . Il faut les rendre experts en : <ul><li>identification de l&rsquo;ali\u00e9nation parentale \u00e0 la diff\u00e9rence de l\u2019\u00e9loignement parental<\/li><\/ul>\n<ul class=\"wp-block-list\">\n<li>d\u00e9tection de la manipulation tant de l\u2019auteur que des manipul\u00e9s<\/li>\n\n\n\n<li>traitement selon les diff\u00e9rentes gradations  <\/li>\n<\/ul>\n<\/li>\n<\/ul>\n\n\n\n<ul class=\"wp-block-list\">\n<li>Mise en place d\u2019un r\u00e9seau d\u2019associations concern\u00e9es par la probl\u00e9matique afin d&rsquo;agir de concert.<\/li>\n\n\n\n<li>Approcher les partis politiques et y trouver des relais. Le but est de leur faire prendre conscience des cons\u00e9quences n\u00e9fastes de l\u2019ali\u00e9nation parentale sur les enfants. Par cons\u00e9quent, il faut \u00e9galement les avertir de la n\u00e9cessit\u00e9 de l\u00e9gif\u00e9rer pour arr\u00eater ce fl\u00e9au et l\u2019abus du concept.<\/li>\n\n\n\n<li>F\u00e9d\u00e9rer les victimes et les sympathisants dans un front commun adh\u00e9rant \u00e0 nos propositions.<\/li>\n<\/ul>\n\n\n\n<p>Napabel &#8211; Non \u00e0 l&rsquo;Ali\u00e9nation Parentale Belgique, s&rsquo;engage \u00e0 respecter ses objectifs pour le bien commun de tous les enfants de Belgique. De la m\u00eame mani\u00e8re, il faut \u00e9galement prot\u00e9ger les parents victimes d&rsquo;ali\u00e9nation parentale.<\/p>\n","protected":false},"excerpt":{"rendered":"<p>Qui sommes-nous&nbsp;? Napabel &#8211; Non \u00e0 l&rsquo;Ali\u00e9nation Parentale Belgique , est une association de victimes souffrant d\u2019ali\u00e9nation parentale et leurs sympathisants. Nous avons la volont\u00e9 d\u2019\u00e9radiquer les comportements d\u00e9viants des parents ali\u00e9nants. Et donc, nous pensons qu&rsquo;il faut les emp\u00eacher de nuire et sinon les condamner juridiquement d\u00e8s la premi\u00e8re atteinte \u00e0 l\u2019int\u00e9grit\u00e9 affective de leur(s) enfant(s) ou de&#46;&#46;&#46;<\/p>\n","protected":false},"author":2,"featured_media":0,"parent":0,"menu_order":0,"comment_status":"closed","ping_status":"closed","template":"","meta":{"_monsterinsights_skip_tracking":false,"_monsterinsights_sitenote_active":false,"_monsterinsights_sitenote_note":"","_monsterinsights_sitenote_category":0,"footnotes":""},"class_list":["post-358","page","type-page","status-publish","hentry"],"jetpack_sharing_enabled":true,"_links":{"self":[{"href":"https:\/\/alienation-parentale.be\/index.php?rest_route=\/wp\/v2\/pages\/358","targetHints":{"allow":["GET"]}}],"collection":[{"href":"https:\/\/alienation-parentale.be\/index.php?rest_route=\/wp\/v2\/pages"}],"about":[{"href":"https:\/\/alienation-parentale.be\/index.php?rest_route=\/wp\/v2\/types\/page"}],"author":[{"embeddable":true,"href":"https:\/\/alienation-parentale.be\/index.php?rest_route=\/wp\/v2\/users\/2"}],"replies":[{"embeddable":true,"href":"https:\/\/alienation-parentale.be\/index.php?rest_route=%2Fwp%2Fv2%2Fcomments&post=358"}],"version-history":[{"count":35,"href":"https:\/\/alienation-parentale.be\/index.php?rest_route=\/wp\/v2\/pages\/358\/revisions"}],"predecessor-version":[{"id":1381,"href":"https:\/\/alienation-parentale.be\/index.php?rest_route=\/wp\/v2\/pages\/358\/revisions\/1381"}],"wp:attachment":[{"href":"https:\/\/alienation-parentale.be\/index.php?rest_route=%2Fwp%2Fv2%2Fmedia&parent=358"}],"curies":[{"name":"wp","href":"https:\/\/api.w.org\/{rel}","templated":true}]}}